{"id":26505,"date":"2022-02-13T21:06:41","date_gmt":"2022-02-13T21:06:41","guid":{"rendered":"https:\/\/www.istituto-bellieni.it\/sos-servitzios-nostros\/isportellos-linguisticos\/"},"modified":"2022-05-29T14:08:49","modified_gmt":"2022-05-29T14:08:49","slug":"isportellos-linguisticos","status":"publish","type":"page","link":"https:\/\/www.istituto-bellieni.it\/sc\/sos-servitzios-nostros\/isportellos-linguisticos\/","title":{"rendered":"Isportellos Lingu\u00ecsticos"},"content":{"rendered":"\t\t<div data-elementor-type=\"wp-page\" data-elementor-id=\"26505\" class=\"elementor elementor-26505 elementor-5954\" data-elementor-post-type=\"page\">\n\t\t\t\t\t\t<section class=\"elementor-section elementor-top-section elementor-element elementor-element-7474afe elementor-reverse-mobile elementor-section-boxed elementor-section-height-default elementor-section-height-default\" data-id=\"7474afe\" data-element_type=\"section\" data-e-type=\"section\" data-settings=\"{&quot;background_background&quot;:&quot;classic&quot;}\">\n\t\t\t\t\t\t<div class=\"elementor-container elementor-column-gap-default\">\n\t\t\t\t\t<div class=\"elementor-column elementor-col-50 elementor-top-column elementor-element elementor-element-0c27abc\" data-id=\"0c27abc\" data-element_type=\"column\" data-e-type=\"column\">\n\t\t\t<div class=\"elementor-widget-wrap elementor-element-populated\">\n\t\t\t\t\t\t<div class=\"elementor-element elementor-element-1f12320 elementor-widget elementor-widget-turitor-title\" data-id=\"1f12320\" data-element_type=\"widget\" data-e-type=\"widget\" data-settings=\"{&quot;ekit_we_effect_on&quot;:&quot;none&quot;}\" data-widget_type=\"turitor-title.default\">\n\t\t\t\t<div class=\"elementor-widget-container\">\n\t\t\t\t\t\n   <div class=\"ts-section-title title-left\">\n\t\t<h2 class=\"section-title \">\n\t\t\t\t\t\t\t<span class=\"sub-title\">#Limbas #Logos<\/span>\n\t\t\t        Isportellos Lingu\u00ecsticos     <\/h2>\n               <i class=\"\"><\/i>\n\t\t\t      \t\t\t\n   <\/div>\n    \n    \t\t\t\t<\/div>\n\t\t\t\t<\/div>\n\t\t\t\t<div class=\"elementor-element elementor-element-c0b1494 elementor-widget elementor-widget-text-editor\" data-id=\"c0b1494\" data-element_type=\"widget\" data-e-type=\"widget\" data-settings=\"{&quot;ekit_we_effect_on&quot;:&quot;none&quot;}\" data-widget_type=\"text-editor.default\">\n\t\t\t\t<div class=\"elementor-widget-container\">\n\t\t\t\t\t\t\t\t\t<p>Sos <strong>isportellos lingu\u00ecsticos<\/strong>, pro m\u00e8diu de sos <strong>operadores<\/strong>pr\u00f2pios, contiv\u00ecgiant sas <strong>tradutziones dae s&#8217;italianu<\/strong> a su sardu de <strong>materiales amministrativos<\/strong> comente del\u00ecberas, regulamentos, ordin\u00e0ntzias comunales, l\u00ecteras de su s\u00ecndigu; ma puru de <strong>documentos o \u00e0teros iscritos chi sos tzitadinos<\/strong> lis sutaponent.<\/p><p>In prus de sas atividades de tradutzione, sa punna de sos isportellos lingu\u00ecsticos est de <strong>indanimare su territ\u00f2riu<\/strong> cun <strong>progetos e acadessimentos culturales<\/strong> e de promotzione de sa limba pro mannos e minores.<\/p>\t\t\t\t\t\t\t\t<\/div>\n\t\t\t\t<\/div>\n\t\t\t\t<div class=\"elementor-element elementor-element-7759c0d elementor-widget elementor-widget-text-editor\" data-id=\"7759c0d\" data-element_type=\"widget\" data-e-type=\"widget\" data-settings=\"{&quot;ekit_we_effect_on&quot;:&quot;none&quot;}\" data-widget_type=\"text-editor.default\">\n\t\t\t\t<div class=\"elementor-widget-container\">\n\t\t\t\t\t\t\t\t\t<h6>Chi est s&#8217;operadore e ite faghet<\/h6>\t\t\t\t\t\t\t\t<\/div>\n\t\t\t\t<\/div>\n\t\t\t\t<div class=\"elementor-element elementor-element-8e95237 elementor-widget elementor-widget-text-editor\" data-id=\"8e95237\" data-element_type=\"widget\" data-e-type=\"widget\" data-settings=\"{&quot;ekit_we_effect_on&quot;:&quot;none&quot;}\" data-widget_type=\"text-editor.default\">\n\t\t\t\t<div class=\"elementor-widget-container\">\n\t\t\t\t\t\t\t\t\t<p>S\u2019<strong>operadore lingu\u00ecsticu e culturale<\/strong> s&#8217;\u00f2cupat de <strong>s\u2019animatzione de su territ\u00f2riu in limba sarda<\/strong>: promovet e organizat <strong>laborat\u00f2rios, cursos de formatzione<\/strong>, agiudat sos ass\u00f2tzios chi \u00f2perant in su territ\u00f2riu a manera chi sa limba sarda siat, cantu prus si podet, impreada a manera fitiana.<\/p><p>In prus contiv\u00ecgiat sa tradutzione de sos documentos de s&#8217;amministratzione dae s&#8217;italianu a su sardu.<\/p>\t\t\t\t\t\t\t\t<\/div>\n\t\t\t\t<\/div>\n\t\t\t\t\t<\/div>\n\t\t<\/div>\n\t\t\t\t<div class=\"elementor-column elementor-col-50 elementor-top-column elementor-element elementor-element-4fb6ef1\" data-id=\"4fb6ef1\" data-element_type=\"column\" data-e-type=\"column\">\n\t\t\t<div class=\"elementor-widget-wrap elementor-element-populated\">\n\t\t\t\t\t\t<div class=\"elementor-element elementor-element-b9aeadf elementor-invisible elementor-widget elementor-widget-image\" data-id=\"b9aeadf\" data-element_type=\"widget\" data-e-type=\"widget\" data-settings=\"{&quot;_animation&quot;:&quot;fadeIn&quot;,&quot;ekit_we_effect_on&quot;:&quot;none&quot;}\" data-widget_type=\"image.default\">\n\t\t\t\t<div class=\"elementor-widget-container\">\n\t\t\t\t\t\t\t\t\t\t\t\t\t\t\t<img fetchpriority=\"high\" decoding=\"async\" width=\"730\" height=\"450\" src=\"https:\/\/www.istituto-bellieni.it\/wp-content\/uploads\/2019\/11\/course_image11.jpg\" class=\"elementor-animation-shrink attachment-full size-full wp-image-26129\" alt=\"\" srcset=\"https:\/\/www.istituto-bellieni.it\/wp-content\/uploads\/2019\/11\/course_image11.jpg 730w, https:\/\/www.istituto-bellieni.it\/wp-content\/uploads\/2019\/11\/course_image11-600x370.jpg 600w, https:\/\/www.istituto-bellieni.it\/wp-content\/uploads\/2019\/11\/course_image11-300x185.jpg 300w\" sizes=\"(max-width: 730px) 100vw, 730px\" \/>\t\t\t\t\t\t\t\t\t\t\t\t\t\t\t<\/div>\n\t\t\t\t<\/div>\n\t\t\t\t\t<\/div>\n\t\t<\/div>\n\t\t\t\t\t<\/div>\n\t\t<\/section>\n\t\t\t\t<section class=\"elementor-section elementor-top-section elementor-element elementor-element-701f7b9 elementor-section-boxed elementor-section-height-default elementor-section-height-default\" data-id=\"701f7b9\" data-element_type=\"section\" data-e-type=\"section\" data-settings=\"{&quot;background_background&quot;:&quot;classic&quot;}\">\n\t\t\t\t\t\t<div class=\"elementor-container elementor-column-gap-default\">\n\t\t\t\t\t<div class=\"elementor-column elementor-col-50 elementor-top-column elementor-element elementor-element-9df8bd4\" data-id=\"9df8bd4\" data-element_type=\"column\" data-e-type=\"column\">\n\t\t\t<div class=\"elementor-widget-wrap elementor-element-populated\">\n\t\t\t\t\t\t<div class=\"elementor-element elementor-element-65fa30d elementor-widget elementor-widget-image\" data-id=\"65fa30d\" data-element_type=\"widget\" data-e-type=\"widget\" data-settings=\"{&quot;ekit_we_effect_on&quot;:&quot;none&quot;}\" data-widget_type=\"image.default\">\n\t\t\t\t<div class=\"elementor-widget-container\">\n\t\t\t\t\t\t\t\t\t\t\t\t\t\t\t<img decoding=\"async\" src=\"https:\/\/www.istituto-bellieni.it\/wp-content\/uploads\/elementor\/thumbs\/course_image4-pl61g49x8jxzia2mjbku66o7bb78z3a5cz8iaaqi1w.png\" title=\"course_image4\" alt=\"course_image4\" loading=\"lazy\" \/>\t\t\t\t\t\t\t\t\t\t\t\t\t\t\t<\/div>\n\t\t\t\t<\/div>\n\t\t\t\t\t<\/div>\n\t\t<\/div>\n\t\t\t\t<div class=\"elementor-column elementor-col-50 elementor-top-column elementor-element elementor-element-e467f6a\" data-id=\"e467f6a\" data-element_type=\"column\" data-e-type=\"column\">\n\t\t\t<div class=\"elementor-widget-wrap elementor-element-populated\">\n\t\t\t\t\t\t<div class=\"elementor-element elementor-element-42fb7b5 elementor-widget elementor-widget-heading\" data-id=\"42fb7b5\" data-element_type=\"widget\" data-e-type=\"widget\" data-settings=\"{&quot;ekit_we_effect_on&quot;:&quot;none&quot;}\" data-widget_type=\"heading.default\">\n\t\t\t\t<div class=\"elementor-widget-container\">\n\t\t\t\t\t<h2 class=\"elementor-heading-title elementor-size-default\">S' Isportellu Lingu\u00ecsticu de s'Is.Be in T\u00e0tari<\/h2>\t\t\t\t<\/div>\n\t\t\t\t<\/div>\n\t\t\t\t<div class=\"elementor-element elementor-element-0c04fdc elementor-widget elementor-widget-text-editor\" data-id=\"0c04fdc\" data-element_type=\"widget\" data-e-type=\"widget\" data-settings=\"{&quot;ekit_we_effect_on&quot;:&quot;none&quot;}\" data-widget_type=\"text-editor.default\">\n\t\t\t\t<div class=\"elementor-widget-container\">\n\t\t\t\t\t\t\t\t\t<p>Dae paritzos annos puru in s&#8217;Istitutu Bellieni in T\u00e0tari est ativu <strong>un&#8217;isportellu<\/strong>. S&#8217;isportellu est a <strong>indonu<\/strong>e <strong>abertu a totu<\/strong> sos tzitadinos chi des\u00ecgiant de s&#8217;acurtziare a sa <strong>limba sarda<\/strong> o chi ant bis\u00f2ngiu de agiudu pro <strong>iscr\u00ecere in sardu o pro tradutziones dae su sardu a s&#8217;italianu e dae s&#8217;italianu a su sardu.<\/strong>.<\/p><p><strong>Su serv\u00ectziu de suportu e consul\u00e8ntzia lingu\u00ecstica<\/strong> s&#8217;acumprit in pres\u00e8ntzia in sa <strong>sede nostra in carrera Maddalena 35 in T\u00e0tari<\/strong> o puru <strong>online<\/strong>.<\/p><p>Sas operadoras ant a \u00e8ssere dispon\u00ecbiles in ambas modalidades <strong>dae su lunis a su chen\u00e0bura dae sas 10 a sas 13<\/strong>.<br>Pro leare un&#8217;apuntamentu o rech\u00e8dere sa consul\u00e8ntzia online iscr\u00ecere a <strong>istitutobellieni@gmail.com<\/strong><\/p>\t\t\t\t\t\t\t\t<\/div>\n\t\t\t\t<\/div>\n\t\t\t\t\t<\/div>\n\t\t<\/div>\n\t\t\t\t\t<\/div>\n\t\t<\/section>\n\t\t\t\t<section class=\"elementor-section elementor-top-section elementor-element elementor-element-ecf890c elementor-section-boxed elementor-section-height-default elementor-section-height-default\" data-id=\"ecf890c\" data-element_type=\"section\" data-e-type=\"section\">\n\t\t\t\t\t\t<div class=\"elementor-container elementor-column-gap-default\">\n\t\t\t\t\t<div class=\"elementor-column elementor-col-100 elementor-top-column elementor-element elementor-element-84ffd77\" data-id=\"84ffd77\" data-element_type=\"column\" data-e-type=\"column\">\n\t\t\t<div class=\"elementor-widget-wrap elementor-element-populated\">\n\t\t\t\t\t\t<div class=\"elementor-element elementor-element-67ba1ba elementor-widget elementor-widget-turitor-title\" data-id=\"67ba1ba\" data-element_type=\"widget\" data-e-type=\"widget\" data-settings=\"{&quot;ekit_we_effect_on&quot;:&quot;none&quot;}\" data-widget_type=\"turitor-title.default\">\n\t\t\t\t<div class=\"elementor-widget-container\">\n\t\t\t\t\t\n   <div class=\"ts-section-title title-center\">\n\t\t<h2 class=\"section-title \">\n\t\t\t        Sportellos subracomunales ativados in su 2017     <\/h2>\n               <i class=\"\"><\/i>\n\t\t\t      \t\t\t\n   <\/div>\n    \n    \t\t\t\t<\/div>\n\t\t\t\t<\/div>\n\t\t\t\t\t<\/div>\n\t\t<\/div>\n\t\t\t\t\t<\/div>\n\t\t<\/section>\n\t\t\t\t<section class=\"elementor-section elementor-top-section elementor-element elementor-element-f1fbb5a elementor-section-boxed elementor-section-height-default elementor-section-height-default\" data-id=\"f1fbb5a\" data-element_type=\"section\" data-e-type=\"section\">\n\t\t\t\t\t\t<div class=\"elementor-container elementor-column-gap-default\">\n\t\t\t\t\t<div class=\"elementor-column elementor-col-50 elementor-top-column elementor-element elementor-element-9f2408f\" data-id=\"9f2408f\" data-element_type=\"column\" data-e-type=\"column\">\n\t\t\t<div class=\"elementor-widget-wrap elementor-element-populated\">\n\t\t\t\t\t\t<div class=\"elementor-element elementor-element-83b8db8 elementor-widget elementor-widget-image\" data-id=\"83b8db8\" data-element_type=\"widget\" data-e-type=\"widget\" data-settings=\"{&quot;ekit_we_effect_on&quot;:&quot;none&quot;}\" data-widget_type=\"image.default\">\n\t\t\t\t<div class=\"elementor-widget-container\">\n\t\t\t\t\t\t\t\t\t\t\t\t\t\t\t<img decoding=\"async\" src=\"https:\/\/www.istituto-bellieni.it\/wp-content\/uploads\/elementor\/thumbs\/sportelli_uri-pl61kgb13hl4ii07nttozdxoqhgav0qcmh8rmti8e8.jpg\" title=\"sportelli_uri\" alt=\"sportelli_uri\" class=\"elementor-animation-shrink\" loading=\"lazy\" \/>\t\t\t\t\t\t\t\t\t\t\t\t\t\t\t<\/div>\n\t\t\t\t<\/div>\n\t\t\t\t\t<\/div>\n\t\t<\/div>\n\t\t\t\t<div class=\"elementor-column elementor-col-50 elementor-top-column elementor-element elementor-element-b085f5b\" data-id=\"b085f5b\" data-element_type=\"column\" data-e-type=\"column\">\n\t\t\t<div class=\"elementor-widget-wrap elementor-element-populated\">\n\t\t\t\t\t\t<div class=\"elementor-element elementor-element-0e7d3f7 elementor-widget elementor-widget-turitor-title\" data-id=\"0e7d3f7\" data-element_type=\"widget\" data-e-type=\"widget\" data-settings=\"{&quot;ekit_we_effect_on&quot;:&quot;none&quot;}\" data-widget_type=\"turitor-title.default\">\n\t\t\t\t<div class=\"elementor-widget-container\">\n\t\t\t\t\t\n   <div class=\"ts-section-title title-left\">\n\t\t<h2 class=\"section-title \">\n\t\t\t        Uri (comuna cabufila)     <\/h2>\n               <i class=\"\"><\/i>\n\t\t\t      \t\t\t\n   <\/div>\n    \n    \t\t\t\t<\/div>\n\t\t\t\t<\/div>\n\t\t\t\t<div class=\"elementor-element elementor-element-3321846 elementor-align-start elementor-list-item-link-full_width elementor-widget elementor-widget-icon-list\" data-id=\"3321846\" data-element_type=\"widget\" data-e-type=\"widget\" data-settings=\"{&quot;ekit_we_effect_on&quot;:&quot;none&quot;}\" data-widget_type=\"icon-list.default\">\n\t\t\t\t<div class=\"elementor-widget-container\">\n\t\t\t\t\t\t\t<ul class=\"elementor-icon-list-items\">\n\t\t\t\t\t\t\t<li class=\"elementor-icon-list-item\">\n\t\t\t\t\t\t\t\t\t\t\t<span class=\"elementor-icon-list-icon\">\n\t\t\t\t\t\t\t<i aria-hidden=\"true\" class=\"fas fa-map-marker-alt\"><\/i>\t\t\t\t\t\t<\/span>\n\t\t\t\t\t\t\t\t\t\t<span class=\"elementor-icon-list-text\">Bulzi, Laerru, Martis, Ossi, Ploaghe, Sennori, Usini<\/span>\n\t\t\t\t\t\t\t\t\t<\/li>\n\t\t\t\t\t\t\t\t<li class=\"elementor-icon-list-item\">\n\t\t\t\t\t\t\t\t\t\t\t<span class=\"elementor-icon-list-icon\">\n\t\t\t\t\t\t\t<i aria-hidden=\"true\" class=\"fas fa-briefcase\"><\/i>\t\t\t\t\t\t<\/span>\n\t\t\t\t\t\t\t\t\t\t<span class=\"elementor-icon-list-text\">Progetos: <b>\u201cSA FORTZA DE SU BILINGUISMU\u201d<\/b> \u2013 ANNUALIT\u00c0 2013<\/span>\n\t\t\t\t\t\t\t\t\t<\/li>\n\t\t\t\t\t\t\t\t<li class=\"elementor-icon-list-item\">\n\t\t\t\t\t\t\t\t\t\t\t<span class=\"elementor-icon-list-icon\">\n\t\t\t\t\t\t\t<i aria-hidden=\"true\" class=\"fas fa-users\"><\/i>\t\t\t\t\t\t<\/span>\n\t\t\t\t\t\t\t\t\t\t<span class=\"elementor-icon-list-text\">Operatores: <b>Francesca Sini<\/b> (Bulzi, Laerru, Martis, Sennori), <b>Antonio Carta<\/b> (Ossi, Uri), <b>Anna Laura Pirisi<\/b> (Ploaghe, Usini)<\/span>\n\t\t\t\t\t\t\t\t\t<\/li>\n\t\t\t\t\t\t<\/ul>\n\t\t\t\t\t\t<\/div>\n\t\t\t\t<\/div>\n\t\t\t\t\t<\/div>\n\t\t<\/div>\n\t\t\t\t\t<\/div>\n\t\t<\/section>\n\t\t\t\t<section class=\"elementor-section elementor-top-section elementor-element elementor-element-ee8d74c elementor-section-boxed elementor-section-height-default elementor-section-height-default\" data-id=\"ee8d74c\" data-element_type=\"section\" data-e-type=\"section\">\n\t\t\t\t\t\t<div class=\"elementor-container elementor-column-gap-default\">\n\t\t\t\t\t<div class=\"elementor-column elementor-col-50 elementor-top-column elementor-element elementor-element-f7c3bdd\" data-id=\"f7c3bdd\" data-element_type=\"column\" data-e-type=\"column\">\n\t\t\t<div class=\"elementor-widget-wrap elementor-element-populated\">\n\t\t\t\t\t\t<div class=\"elementor-element elementor-element-196b6a0 elementor-widget elementor-widget-image\" data-id=\"196b6a0\" data-element_type=\"widget\" data-e-type=\"widget\" data-settings=\"{&quot;ekit_we_effect_on&quot;:&quot;none&quot;}\" data-widget_type=\"image.default\">\n\t\t\t\t<div class=\"elementor-widget-container\">\n\t\t\t\t\t\t\t\t\t\t\t\t\t\t\t<img decoding=\"async\" src=\"https:\/\/www.istituto-bellieni.it\/wp-content\/uploads\/elementor\/thumbs\/sportelli_elini-pl61k6wn7589aedv6prfagb2smqmq1p196pwu1w64g.jpg\" title=\"sportelli_elini\" alt=\"sportelli_elini\" class=\"elementor-animation-shrink\" loading=\"lazy\" \/>\t\t\t\t\t\t\t\t\t\t\t\t\t\t\t<\/div>\n\t\t\t\t<\/div>\n\t\t\t\t\t<\/div>\n\t\t<\/div>\n\t\t\t\t<div class=\"elementor-column elementor-col-50 elementor-top-column elementor-element elementor-element-1f4415e\" data-id=\"1f4415e\" data-element_type=\"column\" data-e-type=\"column\">\n\t\t\t<div class=\"elementor-widget-wrap elementor-element-populated\">\n\t\t\t\t\t\t<div class=\"elementor-element elementor-element-2fd5585 elementor-widget elementor-widget-turitor-title\" data-id=\"2fd5585\" data-element_type=\"widget\" data-e-type=\"widget\" data-settings=\"{&quot;ekit_we_effect_on&quot;:&quot;none&quot;}\" data-widget_type=\"turitor-title.default\">\n\t\t\t\t<div class=\"elementor-widget-container\">\n\t\t\t\t\t\n   <div class=\"ts-section-title title-left\">\n\t\t<h2 class=\"section-title \">\n\t\t\t        Elini (comuna cabufila)     <\/h2>\n               <i class=\"\"><\/i>\n\t\t\t      \t\t\t\n   <\/div>\n    \n    \t\t\t\t<\/div>\n\t\t\t\t<\/div>\n\t\t\t\t<div class=\"elementor-element elementor-element-c439d3e elementor-align-start elementor-list-item-link-full_width elementor-widget elementor-widget-icon-list\" data-id=\"c439d3e\" data-element_type=\"widget\" data-e-type=\"widget\" data-settings=\"{&quot;ekit_we_effect_on&quot;:&quot;none&quot;}\" data-widget_type=\"icon-list.default\">\n\t\t\t\t<div class=\"elementor-widget-container\">\n\t\t\t\t\t\t\t<ul class=\"elementor-icon-list-items\">\n\t\t\t\t\t\t\t<li class=\"elementor-icon-list-item\">\n\t\t\t\t\t\t\t\t\t\t\t<span class=\"elementor-icon-list-icon\">\n\t\t\t\t\t\t\t<i aria-hidden=\"true\" class=\"fas fa-map-marker-alt\"><\/i>\t\t\t\t\t\t<\/span>\n\t\t\t\t\t\t\t\t\t\t<span class=\"elementor-icon-list-text\">Bari Sardo, Girasole, Ilbono, Lotzorai, Tortol\u00ec<\/span>\n\t\t\t\t\t\t\t\t\t<\/li>\n\t\t\t\t\t\t\t\t<li class=\"elementor-icon-list-item\">\n\t\t\t\t\t\t\t\t\t\t\t<span class=\"elementor-icon-list-icon\">\n\t\t\t\t\t\t\t<i aria-hidden=\"true\" class=\"fas fa-briefcase\"><\/i>\t\t\t\t\t\t<\/span>\n\t\t\t\t\t\t\t\t\t\t<span class=\"elementor-icon-list-text\">Progeto: <b>\u201cSA FORTZA DE SU BILINGUISMU\u201d<\/b> \u2013 ANNUALIT\u00c0 2013<\/span>\n\t\t\t\t\t\t\t\t\t<\/li>\n\t\t\t\t\t\t\t\t<li class=\"elementor-icon-list-item\">\n\t\t\t\t\t\t\t\t\t\t\t<span class=\"elementor-icon-list-icon\">\n\t\t\t\t\t\t\t<i aria-hidden=\"true\" class=\"fas fa-users\"><\/i>\t\t\t\t\t\t<\/span>\n\t\t\t\t\t\t\t\t\t\t<span class=\"elementor-icon-list-text\">Operatores: <b>Maria Teresa Murgioni<\/b> (Elini, Girasole, Ilbono, Lotzorai), <b>Ivan Marongiu<\/b> (Bari Sardo, Tortol\u00ec)<\/span>\n\t\t\t\t\t\t\t\t\t<\/li>\n\t\t\t\t\t\t<\/ul>\n\t\t\t\t\t\t<\/div>\n\t\t\t\t<\/div>\n\t\t\t\t\t<\/div>\n\t\t<\/div>\n\t\t\t\t\t<\/div>\n\t\t<\/section>\n\t\t\t\t<section class=\"elementor-section elementor-top-section elementor-element elementor-element-e367475 elementor-section-boxed elementor-section-height-default elementor-section-height-default\" data-id=\"e367475\" data-element_type=\"section\" data-e-type=\"section\">\n\t\t\t\t\t\t<div class=\"elementor-container elementor-column-gap-default\">\n\t\t\t\t\t<div class=\"elementor-column elementor-col-50 elementor-top-column elementor-element elementor-element-a89c008\" data-id=\"a89c008\" data-element_type=\"column\" data-e-type=\"column\">\n\t\t\t<div class=\"elementor-widget-wrap elementor-element-populated\">\n\t\t\t\t\t\t<div class=\"elementor-element elementor-element-7c80246 elementor-widget elementor-widget-image\" data-id=\"7c80246\" data-element_type=\"widget\" data-e-type=\"widget\" data-settings=\"{&quot;ekit_we_effect_on&quot;:&quot;none&quot;}\" data-widget_type=\"image.default\">\n\t\t\t\t<div class=\"elementor-widget-container\">\n\t\t\t\t\t\t\t\t\t\t\t\t\t\t\t<img decoding=\"async\" src=\"https:\/\/www.istituto-bellieni.it\/wp-content\/uploads\/elementor\/thumbs\/sportelli_isili2-pl61kk2dutqk18iw7wsfiwwjay5vcr4v9qlmkem4u8.jpg\" title=\"sportelli_isili2\" alt=\"sportelli_isili2\" class=\"elementor-animation-shrink\" loading=\"lazy\" \/>\t\t\t\t\t\t\t\t\t\t\t\t\t\t\t<\/div>\n\t\t\t\t<\/div>\n\t\t\t\t\t<\/div>\n\t\t<\/div>\n\t\t\t\t<div class=\"elementor-column elementor-col-50 elementor-top-column elementor-element elementor-element-95ac4c8\" data-id=\"95ac4c8\" data-element_type=\"column\" data-e-type=\"column\">\n\t\t\t<div class=\"elementor-widget-wrap elementor-element-populated\">\n\t\t\t\t\t\t<div class=\"elementor-element elementor-element-db4fc66 elementor-widget elementor-widget-turitor-title\" data-id=\"db4fc66\" data-element_type=\"widget\" data-e-type=\"widget\" data-settings=\"{&quot;ekit_we_effect_on&quot;:&quot;none&quot;}\" data-widget_type=\"turitor-title.default\">\n\t\t\t\t<div class=\"elementor-widget-container\">\n\t\t\t\t\t\n   <div class=\"ts-section-title title-left\">\n\t\t<h2 class=\"section-title \">\n\t\t\t        Isii (comuna cabufila)     <\/h2>\n               <i class=\"\"><\/i>\n\t\t\t      \t\t\t\n   <\/div>\n    \n    \t\t\t\t<\/div>\n\t\t\t\t<\/div>\n\t\t\t\t<div class=\"elementor-element elementor-element-cf94650 elementor-align-start elementor-list-item-link-full_width elementor-widget elementor-widget-icon-list\" data-id=\"cf94650\" data-element_type=\"widget\" data-e-type=\"widget\" data-settings=\"{&quot;ekit_we_effect_on&quot;:&quot;none&quot;}\" data-widget_type=\"icon-list.default\">\n\t\t\t\t<div class=\"elementor-widget-container\">\n\t\t\t\t\t\t\t<ul class=\"elementor-icon-list-items\">\n\t\t\t\t\t\t\t<li class=\"elementor-icon-list-item\">\n\t\t\t\t\t\t\t\t\t\t\t<span class=\"elementor-icon-list-icon\">\n\t\t\t\t\t\t\t<i aria-hidden=\"true\" class=\"fas fa-map-marker-alt\"><\/i>\t\t\t\t\t\t<\/span>\n\t\t\t\t\t\t\t\t\t\t<span class=\"elementor-icon-list-text\">Villanova Tulo, Genoni, Nurallao, Nuragus, Sadali, Serri, Seulo, Esterzili<\/span>\n\t\t\t\t\t\t\t\t\t<\/li>\n\t\t\t\t\t\t\t\t<li class=\"elementor-icon-list-item\">\n\t\t\t\t\t\t\t\t\t\t\t<span class=\"elementor-icon-list-icon\">\n\t\t\t\t\t\t\t<i aria-hidden=\"true\" class=\"fas fa-briefcase\"><\/i>\t\t\t\t\t\t<\/span>\n\t\t\t\t\t\t\t\t\t\t<span class=\"elementor-icon-list-text\">Progeto: <b>\u201cSA FORTZA DE SU BILINGUISMU\u201d<\/b> \u2013 ANNUALIT\u00c0 2013<\/span>\n\t\t\t\t\t\t\t\t\t<\/li>\n\t\t\t\t\t\t\t\t<li class=\"elementor-icon-list-item\">\n\t\t\t\t\t\t\t\t\t\t\t<span class=\"elementor-icon-list-icon\">\n\t\t\t\t\t\t\t<i aria-hidden=\"true\" class=\"fas fa-users\"><\/i>\t\t\t\t\t\t<\/span>\n\t\t\t\t\t\t\t\t\t\t<span class=\"elementor-icon-list-text\">Operatores: <b>Marcella Ghiani<\/b> (Isili), <b>Ivan Marongiu<\/b> (Villanova Tulo, Genoni, Sadali, Seulo, Esterzili), <b>Rita Trudu<\/b> (Nurallao, Nuragus, Serri)<\/span>\n\t\t\t\t\t\t\t\t\t<\/li>\n\t\t\t\t\t\t<\/ul>\n\t\t\t\t\t\t<\/div>\n\t\t\t\t<\/div>\n\t\t\t\t\t<\/div>\n\t\t<\/div>\n\t\t\t\t\t<\/div>\n\t\t<\/section>\n\t\t\t\t<section class=\"elementor-section elementor-top-section elementor-element elementor-element-fd35d6d elementor-section-boxed elementor-section-height-default elementor-section-height-default\" data-id=\"fd35d6d\" data-element_type=\"section\" data-e-type=\"section\">\n\t\t\t\t\t\t<div class=\"elementor-container elementor-column-gap-default\">\n\t\t\t\t\t<div class=\"elementor-column elementor-col-50 elementor-top-column elementor-element elementor-element-7b1b3e5\" data-id=\"7b1b3e5\" data-element_type=\"column\" data-e-type=\"column\">\n\t\t\t<div class=\"elementor-widget-wrap elementor-element-populated\">\n\t\t\t\t\t\t<div class=\"elementor-element elementor-element-6e4c05d elementor-widget elementor-widget-image\" data-id=\"6e4c05d\" data-element_type=\"widget\" data-e-type=\"widget\" data-settings=\"{&quot;ekit_we_effect_on&quot;:&quot;none&quot;}\" data-widget_type=\"image.default\">\n\t\t\t\t<div class=\"elementor-widget-container\">\n\t\t\t\t\t\t\t\t\t\t\t\t\t\t\t<img decoding=\"async\" src=\"https:\/\/www.istituto-bellieni.it\/wp-content\/uploads\/elementor\/thumbs\/sportelli_baressa-pl61k35aft3e897gyph5a168m0h9i79p7euvxfb7y8.jpg\" title=\"sportelli_baressa\" alt=\"sportelli_baressa\" class=\"elementor-animation-shrink\" loading=\"lazy\" \/>\t\t\t\t\t\t\t\t\t\t\t\t\t\t\t<\/div>\n\t\t\t\t<\/div>\n\t\t\t\t\t<\/div>\n\t\t<\/div>\n\t\t\t\t<div class=\"elementor-column elementor-col-50 elementor-top-column elementor-element elementor-element-06e6a22\" data-id=\"06e6a22\" data-element_type=\"column\" data-e-type=\"column\">\n\t\t\t<div class=\"elementor-widget-wrap elementor-element-populated\">\n\t\t\t\t\t\t<div class=\"elementor-element elementor-element-5295527 elementor-widget elementor-widget-turitor-title\" data-id=\"5295527\" data-element_type=\"widget\" data-e-type=\"widget\" data-settings=\"{&quot;ekit_we_effect_on&quot;:&quot;none&quot;}\" data-widget_type=\"turitor-title.default\">\n\t\t\t\t<div class=\"elementor-widget-container\">\n\t\t\t\t\t\n   <div class=\"ts-section-title title-left\">\n\t\t<h2 class=\"section-title \">\n\t\t\t        Baressa (comuna cabufila)     <\/h2>\n               <i class=\"\"><\/i>\n\t\t\t      \t\t\t\n   <\/div>\n    \n    \t\t\t\t<\/div>\n\t\t\t\t<\/div>\n\t\t\t\t<div class=\"elementor-element elementor-element-e14e3d6 elementor-align-start elementor-list-item-link-full_width elementor-widget elementor-widget-icon-list\" data-id=\"e14e3d6\" data-element_type=\"widget\" data-e-type=\"widget\" data-settings=\"{&quot;ekit_we_effect_on&quot;:&quot;none&quot;}\" data-widget_type=\"icon-list.default\">\n\t\t\t\t<div class=\"elementor-widget-container\">\n\t\t\t\t\t\t\t<ul class=\"elementor-icon-list-items\">\n\t\t\t\t\t\t\t<li class=\"elementor-icon-list-item\">\n\t\t\t\t\t\t\t\t\t\t\t<span class=\"elementor-icon-list-icon\">\n\t\t\t\t\t\t\t<i aria-hidden=\"true\" class=\"fas fa-map-marker-alt\"><\/i>\t\t\t\t\t\t<\/span>\n\t\t\t\t\t\t\t\t\t\t<span class=\"elementor-icon-list-text\">Albagiara, Ales, Baradili, Curcuris, Pau, Sini<\/span>\n\t\t\t\t\t\t\t\t\t<\/li>\n\t\t\t\t\t\t\t\t<li class=\"elementor-icon-list-item\">\n\t\t\t\t\t\t\t\t\t\t\t<span class=\"elementor-icon-list-icon\">\n\t\t\t\t\t\t\t<i aria-hidden=\"true\" class=\"fas fa-briefcase\"><\/i>\t\t\t\t\t\t<\/span>\n\t\t\t\t\t\t\t\t\t\t<span class=\"elementor-icon-list-text\">Progeto: <b>\"L\u00ccNGUA SARDA: L\u00ccNGUA DE S\u2019 IDENTIDADE, L\u00ccNGUA DE SU MUNDU\u201d<\/b> \u2013 ANNUALIT\u00c0 2013.<\/span>\n\t\t\t\t\t\t\t\t\t<\/li>\n\t\t\t\t\t\t\t\t<li class=\"elementor-icon-list-item\">\n\t\t\t\t\t\t\t\t\t\t\t<span class=\"elementor-icon-list-icon\">\n\t\t\t\t\t\t\t<i aria-hidden=\"true\" class=\"fas fa-users\"><\/i>\t\t\t\t\t\t<\/span>\n\t\t\t\t\t\t\t\t\t\t<span class=\"elementor-icon-list-text\">Operatora: <b>Daniela Masia Urgu<\/b> <\/span>\n\t\t\t\t\t\t\t\t\t<\/li>\n\t\t\t\t\t\t<\/ul>\n\t\t\t\t\t\t<\/div>\n\t\t\t\t<\/div>\n\t\t\t\t\t<\/div>\n\t\t<\/div>\n\t\t\t\t\t<\/div>\n\t\t<\/section>\n\t\t\t\t<section class=\"elementor-section elementor-top-section elementor-element elementor-element-d6a943a elementor-section-boxed elementor-section-height-default elementor-section-height-default\" data-id=\"d6a943a\" data-element_type=\"section\" data-e-type=\"section\">\n\t\t\t\t\t\t<div class=\"elementor-container elementor-column-gap-default\">\n\t\t\t\t\t<div class=\"elementor-column elementor-col-50 elementor-top-column elementor-element elementor-element-8a07f76\" data-id=\"8a07f76\" data-element_type=\"column\" data-e-type=\"column\">\n\t\t\t<div class=\"elementor-widget-wrap elementor-element-populated\">\n\t\t\t\t\t\t<div class=\"elementor-element elementor-element-7ac8a04 elementor-widget elementor-widget-image\" data-id=\"7ac8a04\" data-element_type=\"widget\" data-e-type=\"widget\" data-settings=\"{&quot;ekit_we_effect_on&quot;:&quot;none&quot;}\" data-widget_type=\"image.default\">\n\t\t\t\t<div class=\"elementor-widget-container\">\n\t\t\t\t\t\t\t\t\t\t\t\t\t\t\t<img decoding=\"async\" src=\"https:\/\/www.istituto-bellieni.it\/wp-content\/uploads\/elementor\/thumbs\/logo-sportello-villanova-pl61jay4qs0sjycfjdac78aesgc93a5r3jabj4h14w.jpg\" title=\"logo-sportello-villanova\" alt=\"logo-sportello-villanova\" class=\"elementor-animation-shrink\" loading=\"lazy\" \/>\t\t\t\t\t\t\t\t\t\t\t\t\t\t\t<\/div>\n\t\t\t\t<\/div>\n\t\t\t\t\t<\/div>\n\t\t<\/div>\n\t\t\t\t<div class=\"elementor-column elementor-col-50 elementor-top-column elementor-element elementor-element-f0ae520\" data-id=\"f0ae520\" data-element_type=\"column\" data-e-type=\"column\">\n\t\t\t<div class=\"elementor-widget-wrap elementor-element-populated\">\n\t\t\t\t\t\t<div class=\"elementor-element elementor-element-b7026a7 elementor-widget elementor-widget-turitor-title\" data-id=\"b7026a7\" data-element_type=\"widget\" data-e-type=\"widget\" data-settings=\"{&quot;ekit_we_effect_on&quot;:&quot;none&quot;}\" data-widget_type=\"turitor-title.default\">\n\t\t\t\t<div class=\"elementor-widget-container\">\n\t\t\t\t\t\n   <div class=\"ts-section-title title-left\">\n\t\t<h2 class=\"section-title \">\n\t\t\t        Villanova Monteleone (comuna cabufila)     <\/h2>\n               <i class=\"\"><\/i>\n\t\t\t      \t\t\t\n   <\/div>\n    \n    \t\t\t\t<\/div>\n\t\t\t\t<\/div>\n\t\t\t\t<div class=\"elementor-element elementor-element-2e4b16d elementor-align-start elementor-list-item-link-full_width elementor-widget elementor-widget-icon-list\" data-id=\"2e4b16d\" data-element_type=\"widget\" data-e-type=\"widget\" data-settings=\"{&quot;ekit_we_effect_on&quot;:&quot;none&quot;}\" data-widget_type=\"icon-list.default\">\n\t\t\t\t<div class=\"elementor-widget-container\">\n\t\t\t\t\t\t\t<ul class=\"elementor-icon-list-items\">\n\t\t\t\t\t\t\t<li class=\"elementor-icon-list-item\">\n\t\t\t\t\t\t\t\t\t\t\t<span class=\"elementor-icon-list-icon\">\n\t\t\t\t\t\t\t<i aria-hidden=\"true\" class=\"fas fa-map-marker-alt\"><\/i>\t\t\t\t\t\t<\/span>\n\t\t\t\t\t\t\t\t\t\t<span class=\"elementor-icon-list-text\">Mara, Monteleone Rocca Doria, Padria, Romana<\/span>\n\t\t\t\t\t\t\t\t\t<\/li>\n\t\t\t\t\t\t\t\t<li class=\"elementor-icon-list-item\">\n\t\t\t\t\t\t\t\t\t\t\t<span class=\"elementor-icon-list-icon\">\n\t\t\t\t\t\t\t<i aria-hidden=\"true\" class=\"fas fa-briefcase\"><\/i>\t\t\t\t\t\t<\/span>\n\t\t\t\t\t\t\t\t\t\t<span class=\"elementor-icon-list-text\">Progeto: <b>\"SPORTELLO LINGUISTICO SOVRACOMUNALE\"<\/b> \u2013 ANNUALIT\u00c0 2011<\/span>\n\t\t\t\t\t\t\t\t\t<\/li>\n\t\t\t\t\t\t\t\t<li class=\"elementor-icon-list-item\">\n\t\t\t\t\t\t\t\t\t\t\t<span class=\"elementor-icon-list-icon\">\n\t\t\t\t\t\t\t<i aria-hidden=\"true\" class=\"fas fa-users\"><\/i>\t\t\t\t\t\t<\/span>\n\t\t\t\t\t\t\t\t\t\t<span class=\"elementor-icon-list-text\">Operatores: <b>Maria Leonarda Correddu, Lucia Sechi, Antonio Carta<\/b><\/span>\n\t\t\t\t\t\t\t\t\t<\/li>\n\t\t\t\t\t\t<\/ul>\n\t\t\t\t\t\t<\/div>\n\t\t\t\t<\/div>\n\t\t\t\t\t<\/div>\n\t\t<\/div>\n\t\t\t\t\t<\/div>\n\t\t<\/section>\n\t\t\t\t<section class=\"elementor-section elementor-top-section elementor-element elementor-element-c1d5a13 elementor-section-boxed elementor-section-height-default elementor-section-height-default\" data-id=\"c1d5a13\" data-element_type=\"section\" data-e-type=\"section\">\n\t\t\t\t\t\t<div class=\"elementor-container elementor-column-gap-default\">\n\t\t\t\t\t<div class=\"elementor-column elementor-col-100 elementor-top-column elementor-element elementor-element-ee91adb\" data-id=\"ee91adb\" data-element_type=\"column\" data-e-type=\"column\">\n\t\t\t<div class=\"elementor-widget-wrap elementor-element-populated\">\n\t\t\t\t\t\t<div class=\"elementor-element elementor-element-7cc7a4a elementor-widget elementor-widget-turitor-title\" data-id=\"7cc7a4a\" data-element_type=\"widget\" data-e-type=\"widget\" data-settings=\"{&quot;ekit_we_effect_on&quot;:&quot;none&quot;}\" data-widget_type=\"turitor-title.default\">\n\t\t\t\t<div class=\"elementor-widget-container\">\n\t\t\t\t\t\n   <div class=\"ts-section-title title-center\">\n\t\t<h2 class=\"section-title \">\n\t\t\t        Sportellos subracomunales ativados in su 2016     <\/h2>\n               <i class=\"\"><\/i>\n\t\t\t      \t\t\t\n   <\/div>\n    \n    \t\t\t\t<\/div>\n\t\t\t\t<\/div>\n\t\t\t\t\t<\/div>\n\t\t<\/div>\n\t\t\t\t\t<\/div>\n\t\t<\/section>\n\t\t\t\t<section class=\"elementor-section elementor-top-section elementor-element elementor-element-979fa69 elementor-section-boxed elementor-section-height-default elementor-section-height-default\" data-id=\"979fa69\" data-element_type=\"section\" data-e-type=\"section\">\n\t\t\t\t\t\t<div class=\"elementor-container elementor-column-gap-default\">\n\t\t\t\t\t<div class=\"elementor-column elementor-col-50 elementor-top-column elementor-element elementor-element-f79b8ad\" data-id=\"f79b8ad\" data-element_type=\"column\" data-e-type=\"column\">\n\t\t\t<div class=\"elementor-widget-wrap elementor-element-populated\">\n\t\t\t\t\t\t<div class=\"elementor-element elementor-element-900d66b elementor-widget elementor-widget-image\" data-id=\"900d66b\" data-element_type=\"widget\" data-e-type=\"widget\" data-settings=\"{&quot;ekit_we_effect_on&quot;:&quot;none&quot;}\" data-widget_type=\"image.default\">\n\t\t\t\t<div class=\"elementor-widget-container\">\n\t\t\t\t\t\t\t\t\t\t\t\t\t\t\t<img decoding=\"async\" src=\"https:\/\/www.istituto-bellieni.it\/wp-content\/uploads\/elementor\/thumbs\/sportelli_bono-pl61k35aft33zyjbso4x0h98f395v9a3wo3ywy1qtc.jpg\" title=\"sportelli_bono\" alt=\"sportelli_bono\" class=\"elementor-animation-shrink\" loading=\"lazy\" \/>\t\t\t\t\t\t\t\t\t\t\t\t\t\t\t<\/div>\n\t\t\t\t<\/div>\n\t\t\t\t\t<\/div>\n\t\t<\/div>\n\t\t\t\t<div class=\"elementor-column elementor-col-50 elementor-top-column elementor-element elementor-element-09d26ef\" data-id=\"09d26ef\" data-element_type=\"column\" data-e-type=\"column\">\n\t\t\t<div class=\"elementor-widget-wrap elementor-element-populated\">\n\t\t\t\t\t\t<div class=\"elementor-element elementor-element-9a3b880 elementor-widget elementor-widget-turitor-title\" data-id=\"9a3b880\" data-element_type=\"widget\" data-e-type=\"widget\" data-settings=\"{&quot;ekit_we_effect_on&quot;:&quot;none&quot;}\" data-widget_type=\"turitor-title.default\">\n\t\t\t\t<div class=\"elementor-widget-container\">\n\t\t\t\t\t\n   <div class=\"ts-section-title title-left\">\n\t\t<h2 class=\"section-title \">\n\t\t\t        Bono (comuna cabufila)     <\/h2>\n               <i class=\"\"><\/i>\n\t\t\t      \t\t\t\n   <\/div>\n    \n    \t\t\t\t<\/div>\n\t\t\t\t<\/div>\n\t\t\t\t<div class=\"elementor-element elementor-element-a2b8886 elementor-align-start elementor-list-item-link-full_width elementor-widget elementor-widget-icon-list\" data-id=\"a2b8886\" data-element_type=\"widget\" data-e-type=\"widget\" data-settings=\"{&quot;ekit_we_effect_on&quot;:&quot;none&quot;}\" data-widget_type=\"icon-list.default\">\n\t\t\t\t<div class=\"elementor-widget-container\">\n\t\t\t\t\t\t\t<ul class=\"elementor-icon-list-items\">\n\t\t\t\t\t\t\t<li class=\"elementor-icon-list-item\">\n\t\t\t\t\t\t\t\t\t\t\t<span class=\"elementor-icon-list-icon\">\n\t\t\t\t\t\t\t<i aria-hidden=\"true\" class=\"fas fa-map-marker-alt\"><\/i>\t\t\t\t\t\t<\/span>\n\t\t\t\t\t\t\t\t\t\t<span class=\"elementor-icon-list-text\">Buddus\u00f2, Al\u00e0 dei Sardi, Burgos, Bottidda, Illorai<\/span>\n\t\t\t\t\t\t\t\t\t<\/li>\n\t\t\t\t\t\t\t\t<li class=\"elementor-icon-list-item\">\n\t\t\t\t\t\t\t\t\t\t\t<span class=\"elementor-icon-list-icon\">\n\t\t\t\t\t\t\t<i aria-hidden=\"true\" class=\"fas fa-briefcase\"><\/i>\t\t\t\t\t\t<\/span>\n\t\t\t\t\t\t\t\t\t\t<span class=\"elementor-icon-list-text\">Progeto: <b>\"CONTINUIT\u00c0 SPORTELLO LINGUISTICO SOVRACOMUNALE\"<\/b> \u2013 2\u00b0 ANNUALIT\u00c0<\/span>\n\t\t\t\t\t\t\t\t\t<\/li>\n\t\t\t\t\t\t\t\t<li class=\"elementor-icon-list-item\">\n\t\t\t\t\t\t\t\t\t\t\t<span class=\"elementor-icon-list-icon\">\n\t\t\t\t\t\t\t<i aria-hidden=\"true\" class=\"fas fa-users\"><\/i>\t\t\t\t\t\t<\/span>\n\t\t\t\t\t\t\t\t\t\t<span class=\"elementor-icon-list-text\">Operatora: <b>Daniela Masia Urgu<\/b> <\/span>\n\t\t\t\t\t\t\t\t\t<\/li>\n\t\t\t\t\t\t<\/ul>\n\t\t\t\t\t\t<\/div>\n\t\t\t\t<\/div>\n\t\t\t\t\t<\/div>\n\t\t<\/div>\n\t\t\t\t\t<\/div>\n\t\t<\/section>\n\t\t\t\t<section class=\"elementor-section elementor-top-section elementor-element elementor-element-904aaa2 elementor-section-boxed elementor-section-height-default elementor-section-height-default\" data-id=\"904aaa2\" data-element_type=\"section\" data-e-type=\"section\">\n\t\t\t\t\t\t<div class=\"elementor-container elementor-column-gap-default\">\n\t\t\t\t\t<div class=\"elementor-column elementor-col-50 elementor-top-column elementor-element elementor-element-68cc5f9\" data-id=\"68cc5f9\" data-element_type=\"column\" data-e-type=\"column\">\n\t\t\t<div class=\"elementor-widget-wrap elementor-element-populated\">\n\t\t\t\t\t\t<div class=\"elementor-element elementor-element-c5bcb67 elementor-widget elementor-widget-image\" data-id=\"c5bcb67\" data-element_type=\"widget\" data-e-type=\"widget\" data-settings=\"{&quot;ekit_we_effect_on&quot;:&quot;none&quot;}\" data-widget_type=\"image.default\">\n\t\t\t\t<div class=\"elementor-widget-container\">\n\t\t\t\t\t\t\t\t\t\t\t\t\t\t\t<img decoding=\"async\" src=\"https:\/\/www.istituto-bellieni.it\/wp-content\/uploads\/elementor\/thumbs\/sportelli_irgoli-pl61kk2dutq9sxur1vg79czj40xrpt59yzupjxcnpc.jpg\" title=\"sportelli_irgoli\" alt=\"sportelli_irgoli\" class=\"elementor-animation-shrink\" loading=\"lazy\" \/>\t\t\t\t\t\t\t\t\t\t\t\t\t\t\t<\/div>\n\t\t\t\t<\/div>\n\t\t\t\t\t<\/div>\n\t\t<\/div>\n\t\t\t\t<div class=\"elementor-column elementor-col-50 elementor-top-column elementor-element elementor-element-580f39e\" data-id=\"580f39e\" data-element_type=\"column\" data-e-type=\"column\">\n\t\t\t<div class=\"elementor-widget-wrap elementor-element-populated\">\n\t\t\t\t\t\t<div class=\"elementor-element elementor-element-cc3888a elementor-widget elementor-widget-turitor-title\" data-id=\"cc3888a\" data-element_type=\"widget\" data-e-type=\"widget\" data-settings=\"{&quot;ekit_we_effect_on&quot;:&quot;none&quot;}\" data-widget_type=\"turitor-title.default\">\n\t\t\t\t<div class=\"elementor-widget-container\">\n\t\t\t\t\t\n   <div class=\"ts-section-title title-left\">\n\t\t<h2 class=\"section-title \">\n\t\t\t        Irgoli (comuna cabufila)     <\/h2>\n               <i class=\"\"><\/i>\n\t\t\t      \t\t\t\n   <\/div>\n    \n    \t\t\t\t<\/div>\n\t\t\t\t<\/div>\n\t\t\t\t<div class=\"elementor-element elementor-element-365ebd4 elementor-align-start elementor-list-item-link-full_width elementor-widget elementor-widget-icon-list\" data-id=\"365ebd4\" data-element_type=\"widget\" data-e-type=\"widget\" data-settings=\"{&quot;ekit_we_effect_on&quot;:&quot;none&quot;}\" data-widget_type=\"icon-list.default\">\n\t\t\t\t<div class=\"elementor-widget-container\">\n\t\t\t\t\t\t\t<ul class=\"elementor-icon-list-items\">\n\t\t\t\t\t\t\t<li class=\"elementor-icon-list-item\">\n\t\t\t\t\t\t\t\t\t\t\t<span class=\"elementor-icon-list-icon\">\n\t\t\t\t\t\t\t<i aria-hidden=\"true\" class=\"fas fa-map-marker-alt\"><\/i>\t\t\t\t\t\t<\/span>\n\t\t\t\t\t\t\t\t\t\t<span class=\"elementor-icon-list-text\">Galtell\u00ec, Loculi, Onifai, Orosei<\/span>\n\t\t\t\t\t\t\t\t\t<\/li>\n\t\t\t\t\t\t\t\t<li class=\"elementor-icon-list-item\">\n\t\t\t\t\t\t\t\t\t\t\t<span class=\"elementor-icon-list-icon\">\n\t\t\t\t\t\t\t<i aria-hidden=\"true\" class=\"fas fa-briefcase\"><\/i>\t\t\t\t\t\t<\/span>\n\t\t\t\t\t\t\t\t\t\t<span class=\"elementor-icon-list-text\">Progeto: <b>\"FAE\u2019DHA E ISCRI\u2019VE IN SARDU\"<\/b><\/span>\n\t\t\t\t\t\t\t\t\t<\/li>\n\t\t\t\t\t\t\t\t<li class=\"elementor-icon-list-item\">\n\t\t\t\t\t\t\t\t\t\t\t<span class=\"elementor-icon-list-icon\">\n\t\t\t\t\t\t\t<i aria-hidden=\"true\" class=\"fas fa-users\"><\/i>\t\t\t\t\t\t<\/span>\n\t\t\t\t\t\t\t\t\t\t<span class=\"elementor-icon-list-text\">Operatoras: <b>Joyce Mattu e Immacolata Salis<\/b> <\/span>\n\t\t\t\t\t\t\t\t\t<\/li>\n\t\t\t\t\t\t<\/ul>\n\t\t\t\t\t\t<\/div>\n\t\t\t\t<\/div>\n\t\t\t\t\t<\/div>\n\t\t<\/div>\n\t\t\t\t\t<\/div>\n\t\t<\/section>\n\t\t\t\t<section class=\"elementor-section elementor-top-section elementor-element elementor-element-35923b1 elementor-section-boxed elementor-section-height-default elementor-section-height-default\" data-id=\"35923b1\" data-element_type=\"section\" data-e-type=\"section\">\n\t\t\t\t\t\t<div class=\"elementor-container elementor-column-gap-default\">\n\t\t\t\t\t<div class=\"elementor-column elementor-col-50 elementor-top-column elementor-element elementor-element-8ac9e69\" data-id=\"8ac9e69\" data-element_type=\"column\" data-e-type=\"column\">\n\t\t\t<div class=\"elementor-widget-wrap elementor-element-populated\">\n\t\t\t\t\t\t<div class=\"elementor-element elementor-element-cde420e elementor-widget elementor-widget-image\" data-id=\"cde420e\" data-element_type=\"widget\" data-e-type=\"widget\" data-settings=\"{&quot;ekit_we_effect_on&quot;:&quot;none&quot;}\" data-widget_type=\"image.default\">\n\t\t\t\t<div class=\"elementor-widget-container\">\n\t\t\t\t\t\t\t\t\t\t\t\t\t\t\t<img decoding=\"async\" src=\"https:\/\/www.istituto-bellieni.it\/wp-content\/uploads\/elementor\/thumbs\/sportelli_isili-pl61k50yth5on6glhoy65gs5luzwanhkkxexvhyygw.jpg\" title=\"sovracomunale.cdr\" alt=\"sovracomunale.cdr\" class=\"elementor-animation-shrink\" loading=\"lazy\" \/>\t\t\t\t\t\t\t\t\t\t\t\t\t\t\t<\/div>\n\t\t\t\t<\/div>\n\t\t\t\t\t<\/div>\n\t\t<\/div>\n\t\t\t\t<div class=\"elementor-column elementor-col-50 elementor-top-column elementor-element elementor-element-57c0462\" data-id=\"57c0462\" data-element_type=\"column\" data-e-type=\"column\">\n\t\t\t<div class=\"elementor-widget-wrap elementor-element-populated\">\n\t\t\t\t\t\t<div class=\"elementor-element elementor-element-fe6012c elementor-widget elementor-widget-turitor-title\" data-id=\"fe6012c\" data-element_type=\"widget\" data-e-type=\"widget\" data-settings=\"{&quot;ekit_we_effect_on&quot;:&quot;none&quot;}\" data-widget_type=\"turitor-title.default\">\n\t\t\t\t<div class=\"elementor-widget-container\">\n\t\t\t\t\t\n   <div class=\"ts-section-title title-left\">\n\t\t<h2 class=\"section-title \">\n\t\t\t        Isili (comuna cabufila)     <\/h2>\n               <i class=\"\"><\/i>\n\t\t\t      \t\t\t\n   <\/div>\n    \n    \t\t\t\t<\/div>\n\t\t\t\t<\/div>\n\t\t\t\t<div class=\"elementor-element elementor-element-2336991 elementor-align-start elementor-list-item-link-full_width elementor-widget elementor-widget-icon-list\" data-id=\"2336991\" data-element_type=\"widget\" data-e-type=\"widget\" data-settings=\"{&quot;ekit_we_effect_on&quot;:&quot;none&quot;}\" data-widget_type=\"icon-list.default\">\n\t\t\t\t<div class=\"elementor-widget-container\">\n\t\t\t\t\t\t\t<ul class=\"elementor-icon-list-items\">\n\t\t\t\t\t\t\t<li class=\"elementor-icon-list-item\">\n\t\t\t\t\t\t\t\t\t\t\t<span class=\"elementor-icon-list-icon\">\n\t\t\t\t\t\t\t<i aria-hidden=\"true\" class=\"fas fa-map-marker-alt\"><\/i>\t\t\t\t\t\t<\/span>\n\t\t\t\t\t\t\t\t\t\t<span class=\"elementor-icon-list-text\">Escalaplano, Esterzili, Genoni, Nurallao, Nuragus, Sadali, Serri, Seulo, Villanova Tulo<\/span>\n\t\t\t\t\t\t\t\t\t<\/li>\n\t\t\t\t\t\t\t\t<li class=\"elementor-icon-list-item\">\n\t\t\t\t\t\t\t\t\t\t\t<span class=\"elementor-icon-list-icon\">\n\t\t\t\t\t\t\t<i aria-hidden=\"true\" class=\"fas fa-briefcase\"><\/i>\t\t\t\t\t\t<\/span>\n\t\t\t\t\t\t\t\t\t\t<span class=\"elementor-icon-list-text\">Progeto: <b>\"SPORTELLO LINGUISTICO SOVRACOMUNALE\"<\/b><\/span>\n\t\t\t\t\t\t\t\t\t<\/li>\n\t\t\t\t\t\t\t\t<li class=\"elementor-icon-list-item\">\n\t\t\t\t\t\t\t\t\t\t\t<span class=\"elementor-icon-list-icon\">\n\t\t\t\t\t\t\t<i aria-hidden=\"true\" class=\"fas fa-users\"><\/i>\t\t\t\t\t\t<\/span>\n\t\t\t\t\t\t\t\t\t\t<span class=\"elementor-icon-list-text\">Operatores: <b>Ivan Marongiu e Maria Teresa Murgioni<\/b> <\/span>\n\t\t\t\t\t\t\t\t\t<\/li>\n\t\t\t\t\t\t<\/ul>\n\t\t\t\t\t\t<\/div>\n\t\t\t\t<\/div>\n\t\t\t\t\t<\/div>\n\t\t<\/div>\n\t\t\t\t\t<\/div>\n\t\t<\/section>\n\t\t\t\t<section class=\"elementor-section elementor-top-section elementor-element elementor-element-d154808 elementor-section-boxed elementor-section-height-default elementor-section-height-default\" data-id=\"d154808\" data-element_type=\"section\" data-e-type=\"section\">\n\t\t\t\t\t\t<div class=\"elementor-container elementor-column-gap-default\">\n\t\t\t\t\t<div class=\"elementor-column elementor-col-50 elementor-top-column elementor-element elementor-element-c09b61e\" data-id=\"c09b61e\" data-element_type=\"column\" data-e-type=\"column\">\n\t\t\t<div class=\"elementor-widget-wrap elementor-element-populated\">\n\t\t\t\t\t\t<div class=\"elementor-element elementor-element-e6f299e elementor-widget elementor-widget-image\" data-id=\"e6f299e\" data-element_type=\"widget\" data-e-type=\"widget\" data-settings=\"{&quot;ekit_we_effect_on&quot;:&quot;none&quot;}\" data-widget_type=\"image.default\">\n\t\t\t\t<div class=\"elementor-widget-container\">\n\t\t\t\t\t\t\t\t\t\t\t\t\t\t\t<img decoding=\"async\" src=\"https:\/\/www.istituto-bellieni.it\/wp-content\/uploads\/elementor\/thumbs\/sportelli_ploaghe-pl61jrv85sno4mzpmj9e6k3pagsraw1bv4a55migw0.jpg\" title=\"sportelli_ploaghe\" alt=\"sportelli_ploaghe\" class=\"elementor-animation-shrink\" loading=\"lazy\" \/>\t\t\t\t\t\t\t\t\t\t\t\t\t\t\t<\/div>\n\t\t\t\t<\/div>\n\t\t\t\t\t<\/div>\n\t\t<\/div>\n\t\t\t\t<div class=\"elementor-column elementor-col-50 elementor-top-column elementor-element elementor-element-1cf3d87\" data-id=\"1cf3d87\" data-element_type=\"column\" data-e-type=\"column\">\n\t\t\t<div class=\"elementor-widget-wrap elementor-element-populated\">\n\t\t\t\t\t\t<div class=\"elementor-element elementor-element-3d16e38 elementor-widget elementor-widget-turitor-title\" data-id=\"3d16e38\" data-element_type=\"widget\" data-e-type=\"widget\" data-settings=\"{&quot;ekit_we_effect_on&quot;:&quot;none&quot;}\" data-widget_type=\"turitor-title.default\">\n\t\t\t\t<div class=\"elementor-widget-container\">\n\t\t\t\t\t\n   <div class=\"ts-section-title title-left\">\n\t\t<h2 class=\"section-title \">\n\t\t\t        Ploaghe (comuna cabufila)     <\/h2>\n               <i class=\"\"><\/i>\n\t\t\t      \t\t\t\n   <\/div>\n    \n    \t\t\t\t<\/div>\n\t\t\t\t<\/div>\n\t\t\t\t<div class=\"elementor-element elementor-element-766e5aa elementor-align-start elementor-list-item-link-full_width elementor-widget elementor-widget-icon-list\" data-id=\"766e5aa\" data-element_type=\"widget\" data-e-type=\"widget\" data-settings=\"{&quot;ekit_we_effect_on&quot;:&quot;none&quot;}\" data-widget_type=\"icon-list.default\">\n\t\t\t\t<div class=\"elementor-widget-container\">\n\t\t\t\t\t\t\t<ul class=\"elementor-icon-list-items\">\n\t\t\t\t\t\t\t<li class=\"elementor-icon-list-item\">\n\t\t\t\t\t\t\t\t\t\t\t<span class=\"elementor-icon-list-icon\">\n\t\t\t\t\t\t\t<i aria-hidden=\"true\" class=\"fas fa-map-marker-alt\"><\/i>\t\t\t\t\t\t<\/span>\n\t\t\t\t\t\t\t\t\t\t<span class=\"elementor-icon-list-text\">Cargeghe, Cossoine, Semestene, Ossi, Usini<\/span>\n\t\t\t\t\t\t\t\t\t<\/li>\n\t\t\t\t\t\t\t\t<li class=\"elementor-icon-list-item\">\n\t\t\t\t\t\t\t\t\t\t\t<span class=\"elementor-icon-list-icon\">\n\t\t\t\t\t\t\t<i aria-hidden=\"true\" class=\"fas fa-briefcase\"><\/i>\t\t\t\t\t\t<\/span>\n\t\t\t\t\t\t\t\t\t\t<span class=\"elementor-icon-list-text\">Progeto: <b>\"CONTINUIT\u00c0 SPORTELLO LINGUISTICO SOVRACOMUNALE\"<\/b> - 2\u00b0 annualit\u00e0<\/span>\n\t\t\t\t\t\t\t\t\t<\/li>\n\t\t\t\t\t\t\t\t<li class=\"elementor-icon-list-item\">\n\t\t\t\t\t\t\t\t\t\t\t<span class=\"elementor-icon-list-icon\">\n\t\t\t\t\t\t\t<i aria-hidden=\"true\" class=\"fas fa-users\"><\/i>\t\t\t\t\t\t<\/span>\n\t\t\t\t\t\t\t\t\t\t<span class=\"elementor-icon-list-text\">Operatoras: <b>Maria Doloretta Lai e Lucia Sechi<\/b> <\/span>\n\t\t\t\t\t\t\t\t\t<\/li>\n\t\t\t\t\t\t<\/ul>\n\t\t\t\t\t\t<\/div>\n\t\t\t\t<\/div>\n\t\t\t\t\t<\/div>\n\t\t<\/div>\n\t\t\t\t\t<\/div>\n\t\t<\/section>\n\t\t\t\t<section class=\"elementor-section elementor-top-section elementor-element elementor-element-2a81b2a elementor-section-boxed elementor-section-height-default elementor-section-height-default\" data-id=\"2a81b2a\" data-element_type=\"section\" data-e-type=\"section\">\n\t\t\t\t\t\t<div class=\"elementor-container elementor-column-gap-default\">\n\t\t\t\t\t<div class=\"elementor-column elementor-col-50 elementor-top-column elementor-element elementor-element-93ea486\" data-id=\"93ea486\" data-element_type=\"column\" data-e-type=\"column\">\n\t\t\t<div class=\"elementor-widget-wrap elementor-element-populated\">\n\t\t\t\t\t\t<div class=\"elementor-element elementor-element-c9ba9ce elementor-widget elementor-widget-image\" data-id=\"c9ba9ce\" data-element_type=\"widget\" data-e-type=\"widget\" data-settings=\"{&quot;ekit_we_effect_on&quot;:&quot;none&quot;}\" data-widget_type=\"image.default\">\n\t\t\t\t<div class=\"elementor-widget-container\">\n\t\t\t\t\t\t\t\t\t\t\t\t\t\t\t<img decoding=\"async\" src=\"https:\/\/www.istituto-bellieni.it\/wp-content\/uploads\/elementor\/thumbs\/sportelli_sennori-pl61ki6ph5np5pxhcumy4dglx971aextaqjqldfg1s.jpg\" title=\"sportelli_sennori\" alt=\"sportelli_sennori\" class=\"elementor-animation-shrink\" loading=\"lazy\" \/>\t\t\t\t\t\t\t\t\t\t\t\t\t\t\t<\/div>\n\t\t\t\t<\/div>\n\t\t\t\t\t<\/div>\n\t\t<\/div>\n\t\t\t\t<div class=\"elementor-column elementor-col-50 elementor-top-column elementor-element elementor-element-31aeb0d\" data-id=\"31aeb0d\" data-element_type=\"column\" data-e-type=\"column\">\n\t\t\t<div class=\"elementor-widget-wrap elementor-element-populated\">\n\t\t\t\t\t\t<div class=\"elementor-element elementor-element-118f39d elementor-widget elementor-widget-turitor-title\" data-id=\"118f39d\" data-element_type=\"widget\" data-e-type=\"widget\" data-settings=\"{&quot;ekit_we_effect_on&quot;:&quot;none&quot;}\" data-widget_type=\"turitor-title.default\">\n\t\t\t\t<div class=\"elementor-widget-container\">\n\t\t\t\t\t\n   <div class=\"ts-section-title title-left\">\n\t\t<h2 class=\"section-title \">\n\t\t\t        Sennori (comuna cabufila)     <\/h2>\n               <i class=\"\"><\/i>\n\t\t\t      \t\t\t\n   <\/div>\n    \n    \t\t\t\t<\/div>\n\t\t\t\t<\/div>\n\t\t\t\t<div class=\"elementor-element elementor-element-6d9ada9 elementor-align-start elementor-list-item-link-full_width elementor-widget elementor-widget-icon-list\" data-id=\"6d9ada9\" data-element_type=\"widget\" data-e-type=\"widget\" data-settings=\"{&quot;ekit_we_effect_on&quot;:&quot;none&quot;}\" data-widget_type=\"icon-list.default\">\n\t\t\t\t<div class=\"elementor-widget-container\">\n\t\t\t\t\t\t\t<ul class=\"elementor-icon-list-items\">\n\t\t\t\t\t\t\t<li class=\"elementor-icon-list-item\">\n\t\t\t\t\t\t\t\t\t\t\t<span class=\"elementor-icon-list-icon\">\n\t\t\t\t\t\t\t<i aria-hidden=\"true\" class=\"fas fa-map-marker-alt\"><\/i>\t\t\t\t\t\t<\/span>\n\t\t\t\t\t\t\t\t\t\t<span class=\"elementor-icon-list-text\">Sedini, Laerru, Bulzi, Osilo, Martis<\/span>\n\t\t\t\t\t\t\t\t\t<\/li>\n\t\t\t\t\t\t\t\t<li class=\"elementor-icon-list-item\">\n\t\t\t\t\t\t\t\t\t\t\t<span class=\"elementor-icon-list-icon\">\n\t\t\t\t\t\t\t<i aria-hidden=\"true\" class=\"fas fa-briefcase\"><\/i>\t\t\t\t\t\t<\/span>\n\t\t\t\t\t\t\t\t\t\t<span class=\"elementor-icon-list-text\">Progeto: <b>\"CONTINUIT\u00c0 SPORTELLO LINGUISTICO SOVRACOMUNALE\"<\/b> - 2\u00b0 annualit\u00e0<\/span>\n\t\t\t\t\t\t\t\t\t<\/li>\n\t\t\t\t\t\t\t\t<li class=\"elementor-icon-list-item\">\n\t\t\t\t\t\t\t\t\t\t\t<span class=\"elementor-icon-list-icon\">\n\t\t\t\t\t\t\t<i aria-hidden=\"true\" class=\"fas fa-users\"><\/i>\t\t\t\t\t\t<\/span>\n\t\t\t\t\t\t\t\t\t\t<span class=\"elementor-icon-list-text\">Operatora: <b>Francesca Sini<\/b> <\/span>\n\t\t\t\t\t\t\t\t\t<\/li>\n\t\t\t\t\t\t<\/ul>\n\t\t\t\t\t\t<\/div>\n\t\t\t\t<\/div>\n\t\t\t\t\t<\/div>\n\t\t<\/div>\n\t\t\t\t\t<\/div>\n\t\t<\/section>\n\t\t\t\t<section class=\"elementor-section elementor-top-section elementor-element elementor-element-6515615 elementor-section-boxed elementor-section-height-default elementor-section-height-default\" data-id=\"6515615\" data-element_type=\"section\" data-e-type=\"section\">\n\t\t\t\t\t\t<div class=\"elementor-container elementor-column-gap-default\">\n\t\t\t\t\t<div class=\"elementor-column elementor-col-50 elementor-top-column elementor-element elementor-element-5e40a96\" data-id=\"5e40a96\" data-element_type=\"column\" data-e-type=\"column\">\n\t\t\t<div class=\"elementor-widget-wrap\">\n\t\t\t\t\t\t\t<\/div>\n\t\t<\/div>\n\t\t\t\t<div class=\"elementor-column elementor-col-50 elementor-top-column elementor-element elementor-element-21dc7c3\" data-id=\"21dc7c3\" data-element_type=\"column\" data-e-type=\"column\">\n\t\t\t<div class=\"elementor-widget-wrap elementor-element-populated\">\n\t\t\t\t\t\t<div class=\"elementor-element elementor-element-d09c6f3 elementor-widget elementor-widget-turitor-title\" data-id=\"d09c6f3\" data-element_type=\"widget\" data-e-type=\"widget\" data-settings=\"{&quot;ekit_we_effect_on&quot;:&quot;none&quot;}\" data-widget_type=\"turitor-title.default\">\n\t\t\t\t<div class=\"elementor-widget-container\">\n\t\t\t\t\t\n   <div class=\"ts-section-title title-left\">\n\t\t<h2 class=\"section-title \">\n\t\t\t        \u00c0teros Serv\u00ectzios     <\/h2>\n               <i class=\"\"><\/i>\n\t\t\t      \t\t\t\n   <\/div>\n    \n    \t\t\t\t<\/div>\n\t\t\t\t<\/div>\n\t\t\t\t<div class=\"elementor-element elementor-element-4947a6e elementor-widget elementor-widget-sidebar\" data-id=\"4947a6e\" data-element_type=\"widget\" data-e-type=\"widget\" id=\"service-navigation\" data-settings=\"{&quot;ekit_we_effect_on&quot;:&quot;none&quot;}\" data-widget_type=\"sidebar.default\">\n\t\t\t\t<div class=\"elementor-widget-container\">\n\t\t\t\t\t<div class=\"menu-menu-servizi-sardo-container\"><ul id=\"menu-menu-servizi-sardo\" class=\"menu\"><li id=\"menu-item-26594\" class=\"menu-item menu-item-type-post_type menu-item-object-page menu-item-26594\"><a href=\"https:\/\/www.istituto-bellieni.it\/sc\/sos-servitzios-nostros\/istudios-e-chircas\/\">Ist\u00f9dios e Chircas<\/a><\/li>\n<li id=\"menu-item-26595\" class=\"menu-item menu-item-type-post_type menu-item-object-page menu-item-26595\"><a href=\"https:\/\/www.istituto-bellieni.it\/sc\/sos-servitzios-nostros\/formatzione\/\">Formatzione<\/a><\/li>\n<li id=\"menu-item-26596\" class=\"menu-item menu-item-type-post_type menu-item-object-page menu-item-26596\"><a href=\"https:\/\/www.istituto-bellieni.it\/sc\/sos-servitzios-nostros\/isportellos-linguisticos\/\">Isportellos Lingu\u00ecsticos<\/a><\/li>\n<li id=\"menu-item-26597\" class=\"menu-item menu-item-type-post_type menu-item-object-page menu-item-26597\"><a href=\"https:\/\/www.istituto-bellieni.it\/sc\/sos-servitzios-nostros\/publicatziones\/\">Publicatziones<\/a><\/li>\n<li id=\"menu-item-26598\" class=\"menu-item menu-item-type-post_type menu-item-object-page menu-item-26598\"><a href=\"https:\/\/www.istituto-bellieni.it\/sc\/sos-servitzios-nostros\/consulentzia\/\">Consul\u00e8ntzia<\/a><\/li>\n<li id=\"menu-item-26599\" class=\"menu-item menu-item-type-post_type menu-item-object-page menu-item-26599\"><a href=\"https:\/\/www.istituto-bellieni.it\/sc\/sos-servitzios-nostros\/eventos\/\">Acadessimentos<\/a><\/li>\n<li id=\"menu-item-26600\" class=\"menu-item menu-item-type-post_type menu-item-object-page menu-item-26600\"><a href=\"https:\/\/www.istituto-bellieni.it\/sc\/sos-servitzios-nostros\/biblioteca\/\">Biblioteca<\/a><\/li>\n<\/ul><\/div>\t\t\t\t<\/div>\n\t\t\t\t<\/div>\n\t\t\t\t\t<\/div>\n\t\t<\/div>\n\t\t\t\t\t<\/div>\n\t\t<\/section>\n\t\t\t\t<section class=\"elementor-section elementor-top-section elementor-element elementor-element-5675145 elementor-hidden-desktop elementor-hidden-tablet elementor-hidden-mobile elementor-section-boxed elementor-section-height-default elementor-section-height-default\" data-id=\"5675145\" data-element_type=\"section\" data-e-type=\"section\">\n\t\t\t\t\t\t<div class=\"elementor-container elementor-column-gap-default\">\n\t\t\t\t\t<div class=\"elementor-column elementor-col-100 elementor-top-column elementor-element elementor-element-f266059\" data-id=\"f266059\" data-element_type=\"column\" data-e-type=\"column\">\n\t\t\t<div class=\"elementor-widget-wrap elementor-element-populated\">\n\t\t\t\t\t\t<section class=\"elementor-section elementor-inner-section elementor-element elementor-element-59c9cdf elementor-section-boxed elementor-section-height-default elementor-section-height-default\" data-id=\"59c9cdf\" data-element_type=\"section\" data-e-type=\"section\">\n\t\t\t\t\t\t<div class=\"elementor-container elementor-column-gap-default\">\n\t\t\t\t\t<div class=\"elementor-column elementor-col-50 elementor-inner-column elementor-element elementor-element-adf5f20\" data-id=\"adf5f20\" data-element_type=\"column\" data-e-type=\"column\">\n\t\t\t<div class=\"elementor-widget-wrap elementor-element-populated\">\n\t\t\t\t\t\t<div class=\"elementor-element elementor-element-af6e2ab elementor-widget elementor-widget-turitor-title\" data-id=\"af6e2ab\" data-element_type=\"widget\" data-e-type=\"widget\" data-settings=\"{&quot;ekit_we_effect_on&quot;:&quot;none&quot;}\" data-widget_type=\"turitor-title.default\">\n\t\t\t\t<div class=\"elementor-widget-container\">\n\t\t\t\t\t\n   <div class=\"ts-section-title title-left\">\n\t\t<h2 class=\"section-title \">\n\t\t\t\t\t\t\t<span class=\"sub-title\">#News<\/span>\n\t\t\t        News &amp; Events     <\/h2>\n               <i class=\"\"><\/i>\n\t\t\t      \t\t\t\n   <\/div>\n    \n    \t\t\t\t<\/div>\n\t\t\t\t<\/div>\n\t\t\t\t\t<\/div>\n\t\t<\/div>\n\t\t\t\t<div class=\"elementor-column elementor-col-50 elementor-inner-column elementor-element elementor-element-ab172b5\" data-id=\"ab172b5\" data-element_type=\"column\" data-e-type=\"column\">\n\t\t\t<div class=\"elementor-widget-wrap elementor-element-populated\">\n\t\t\t\t\t\t<div class=\"elementor-element elementor-element-ca77079 elementor-widget elementor-widget-text-editor\" data-id=\"ca77079\" data-element_type=\"widget\" data-e-type=\"widget\" data-settings=\"{&quot;ekit_we_effect_on&quot;:&quot;none&quot;}\" data-widget_type=\"text-editor.default\">\n\t\t\t\t<div class=\"elementor-widget-container\">\n\t\t\t\t\t\t\t\t\t<p>Discover how to anticipate and adapt to the latest trends and digital<\/p>\t\t\t\t\t\t\t\t<\/div>\n\t\t\t\t<\/div>\n\t\t\t\t\t<\/div>\n\t\t<\/div>\n\t\t\t\t\t<\/div>\n\t\t<\/section>\n\t\t\t\t<section class=\"elementor-section elementor-inner-section elementor-element elementor-element-fcc6593 elementor-section-boxed elementor-section-height-default elementor-section-height-default\" data-id=\"fcc6593\" data-element_type=\"section\" data-e-type=\"section\">\n\t\t\t\t\t\t<div class=\"elementor-container elementor-column-gap-default\">\n\t\t\t\t\t<div class=\"elementor-column elementor-col-50 elementor-inner-column elementor-element elementor-element-d1853fc\" data-id=\"d1853fc\" data-element_type=\"column\" data-e-type=\"column\">\n\t\t\t<div class=\"elementor-widget-wrap elementor-element-populated\">\n\t\t\t\t\t\t<div class=\"elementor-element elementor-element-4243b0d elementor-widget elementor-widget-turitor-latestnews\" data-id=\"4243b0d\" data-element_type=\"widget\" data-e-type=\"widget\" data-settings=\"{&quot;ekit_we_effect_on&quot;:&quot;none&quot;}\" data-widget_type=\"turitor-latestnews.default\">\n\t\t\t\t<div class=\"elementor-widget-container\">\n\t\t\t\t\t<div class=\"row latest-blog\">\n     <div class=\"col-lg-6 fadeInUp\">\n            <div class=\"post\">\n                  <div class=\"post-media post-image\">\n            <a href=\"https:\/\/www.istituto-bellieni.it\/seminari-di-approfondimento-su-camillo-bellieni\/\"><img decoding=\"async\" src=\"https:\/\/www.istituto-bellieni.it\/wp-content\/uploads\/2026\/03\/bann-seminario-bellieni.jpg\" class=\"img-fluid\" alt=\"https:\/\/www.istituto-bellieni.it\/sc\/author\/isbe\/\"><\/a>\n         <\/div>\n                 <div class=\"post-body\">\n            <div class=\"post-meta\">\n                \n                              <span class=\"post-meta-cat\">\n                                                              News e Eventi                      \n               <\/span> \n                \n                              <span class=\"post-meta-date\">\n                  19 , March , 2026 \n               <\/span>\n                           <\/div>\n            <div class=\"entry-header\">\n               <h2 class=\"entry-title\">\n                  <a href=\"https:\/\/www.istituto-bellieni.it\/?post_type=post&p=31364\">Seminari di approfondimento su Camillo Bellieni <\/a>\n               <\/h2>\n            <\/div>\n            <!-- header end -->\n                        <div class=\"entry-content\">\n               <p> L'Istituto Camillo Bellieni ospita un ciclo di tre seminari curati   <\/p>\n            <\/div>\n             \n            <div class=\"post-footer\">\n                              <a href=\"https:\/\/www.istituto-bellieni.it\/?post_type=post&p=31364\" class=\"btn-link\"><i class=\"tsicon tsicon-plus_line\"><\/i> Abb\u00e0ida totu <\/a>\n                \n            <\/div>\n         <\/div>\n         <!-- post-body end -->\n      <\/div>\n      <!-- post end-->\n   <\/div>\n      <div class=\"col-lg-6 fadeInUp\">\n            <div class=\"post\">\n                  <div class=\"post-media post-image\">\n            <a href=\"https:\/\/www.istituto-bellieni.it\/sc\/paraulas-in-musica\/\"><img decoding=\"async\" src=\"https:\/\/www.istituto-bellieni.it\/wp-content\/uploads\/2026\/03\/Paraulas-in-Musica.jpg\" class=\"img-fluid\" alt=\"https:\/\/www.istituto-bellieni.it\/sc\/author\/isbe\/\"><\/a>\n         <\/div>\n                 <div class=\"post-body\">\n            <div class=\"post-meta\">\n                \n                              <span class=\"post-meta-cat\">\n                                                              Noas e Eventos                      \n               <\/span> \n                \n                              <span class=\"post-meta-date\">\n                  19 , March , 2026 \n               <\/span>\n                           <\/div>\n            <div class=\"entry-header\">\n               <h2 class=\"entry-title\">\n                  <a href=\"https:\/\/www.istituto-bellieni.it\/sc\/?post_type=post&p=31360\">Par\u00e0ulas in Musica <\/a>\n               <\/h2>\n            <\/div>\n            <!-- header end -->\n                        <div class=\"entry-content\">\n               <p> S\u2019eventu \"Par\u00e0ulas in Musica\", chi at a \u00e8ssere su 16   <\/p>\n            <\/div>\n             \n            <div class=\"post-footer\">\n                              <a href=\"https:\/\/www.istituto-bellieni.it\/sc\/?post_type=post&p=31360\" class=\"btn-link\"><i class=\"tsicon tsicon-plus_line\"><\/i> Abb\u00e0ida totu <\/a>\n                \n            <\/div>\n         <\/div>\n         <!-- post-body end -->\n      <\/div>\n      <!-- post end-->\n   <\/div>\n    \n<\/div> <!-- row end -->\n   \t\t\t\t<\/div>\n\t\t\t\t<\/div>\n\t\t\t\t\t<\/div>\n\t\t<\/div>\n\t\t\t\t<div class=\"elementor-column elementor-col-50 elementor-inner-column elementor-element elementor-element-c49d72a\" data-id=\"c49d72a\" data-element_type=\"column\" data-e-type=\"column\">\n\t\t\t<div class=\"elementor-widget-wrap elementor-element-populated\">\n\t\t\t\t\t\t<div class=\"elementor-element elementor-element-9891903 elementor-widget elementor-widget-turitor-event\" data-id=\"9891903\" data-element_type=\"widget\" data-e-type=\"widget\" data-settings=\"{&quot;ekit_we_effect_on&quot;:&quot;none&quot;}\" data-widget_type=\"turitor-event.default\">\n\t\t\t\t<div class=\"elementor-widget-container\">\n\t\t\t\t\t<div class=\"turitor-events \"> \n         <div class=\"event-single media\">\n                     <div class=\"event-date align-self-center\"> \n               <span class=\"month\">  \n                  Apr \n               <\/span>  \n               <h3 class=\"day\">\n                  27 \n               <\/h3>\n            <\/div>\n                  <div class=\"entry-header media-body\">\n                        \n            \n               \n\n                              <span class=\"event-meta-cat\">\n                     \n                                                \n                     \n                        \n                         \n                                                         \n                              <a href='https:\/\/www.istituto-bellieni.it\/categories\/music-arts\/'>Music &amp; arts<\/a>                                                   \n                  <\/span> \n             \n               <h2 class=\"entry-title\">\n                  <a href=\"https:\/\/www.istituto-bellieni.it\/sc\/ts-events\/tackling-the-climate-crisis-worldwide\/\">Tackling the climate crisis worldwide <\/a>\n               <\/h2>\n                \n               <div class=\"post-footer\">\n                   \n               <\/div>\n         <\/div>\n      <\/div>\n         <div class=\"event-single media\">\n                     <div class=\"event-date align-self-center\"> \n               <span class=\"month\">  \n                  Apr \n               <\/span>  \n               <h3 class=\"day\">\n                  27 \n               <\/h3>\n            <\/div>\n                  <div class=\"entry-header media-body\">\n                        \n            \n               \n\n                              <span class=\"event-meta-cat\">\n                     \n                                                \n                     \n                        \n                         \n                                                         \n                              <a href='https:\/\/www.istituto-bellieni.it\/categories\/music-arts\/'>Music &amp; arts<\/a>                                                   \n                  <\/span> \n             \n               <h2 class=\"entry-title\">\n                  <a href=\"https:\/\/www.istituto-bellieni.it\/sc\/ts-events\/transforming-our-in-science-facilities\/\">Transforming our in science facilities <\/a>\n               <\/h2>\n                \n               <div class=\"post-footer\">\n                   \n               <\/div>\n         <\/div>\n      <\/div>\n         <div class=\"event-single media\">\n                     <div class=\"event-date align-self-center\"> \n               <span class=\"month\">  \n                  Apr \n               <\/span>  \n               <h3 class=\"day\">\n                  27 \n               <\/h3>\n            <\/div>\n                  <div class=\"entry-header media-body\">\n                        \n            \n               \n\n                              <span class=\"event-meta-cat\">\n                     \n                                                \n                     \n                        \n                         \n                                                         \n                              <a href='https:\/\/www.istituto-bellieni.it\/categories\/music-arts\/'>Music &amp; arts<\/a>                                                   \n                  <\/span> \n             \n               <h2 class=\"entry-title\">\n                  <a href=\"https:\/\/www.istituto-bellieni.it\/sc\/ts-events\/helping-to-change-the-world-better\/\">Helping to change the world <\/a>\n               <\/h2>\n                \n               <div class=\"post-footer\">\n                   \n               <\/div>\n         <\/div>\n      <\/div>\n         <div class=\"event-single media\">\n                     <div class=\"event-date align-self-center\"> \n               <span class=\"month\">  \n                  Apr \n               <\/span>  \n               <h3 class=\"day\">\n                  27 \n               <\/h3>\n            <\/div>\n                  <div class=\"entry-header media-body\">\n                        \n            \n               \n\n                              <span class=\"event-meta-cat\">\n                     \n                                                \n                     \n                        \n                         \n                                                         \n                              <a href='https:\/\/www.istituto-bellieni.it\/categories\/music-arts\/'>Music &amp; arts<\/a>                                                   \n                  <\/span> \n             \n               <h2 class=\"entry-title\">\n                  <a href=\"https:\/\/www.istituto-bellieni.it\/sc\/ts-events\/turitor-teaching-javascript-or-a-language-that-produces-javascript-to-run\/\">Turitor Teaching JavaScript a language <\/a>\n               <\/h2>\n                \n               <div class=\"post-footer\">\n                   \n               <\/div>\n         <\/div>\n      <\/div>\n   <\/div>\t\t\t\t<\/div>\n\t\t\t\t<\/div>\n\t\t\t\t\t<\/div>\n\t\t<\/div>\n\t\t\t\t\t<\/div>\n\t\t<\/section>\n\t\t\t\t\t<\/div>\n\t\t<\/div>\n\t\t\t\t\t<\/div>\n\t\t<\/section>\n\t\t\t\t<\/div>\n\t\t","protected":false},"excerpt":{"rendered":"<p>#Limbas #Logos Isportellos Lingu\u00ecsticos Sos isportellos lingu\u00ecsticos, pro m\u00e8diu de sos operadorespr\u00f2pios, contiv\u00ecgiant sas tradutziones dae s&#8217;italianu a su sardu [&hellip;]<\/p>\n","protected":false},"author":1,"featured_media":0,"parent":26483,"menu_order":0,"comment_status":"closed","ping_status":"closed","template":"elementor_header_footer","meta":{"footnotes":""},"class_list":["post-26505","page","type-page","status-publish","hentry"],"yoast_head":"<!-- This site is optimized with the Yoast SEO plugin v27.4 - https:\/\/yoast.com\/product\/yoast-seo-wordpress\/ -->\n<title>Isportellos Lingu\u00ecsticos - Istituto Camillo Bellieni Sassari<\/title>\n<meta name=\"robots\" content=\"index, follow, max-snippet:-1, max-image-preview:large, max-video-preview:-1\" \/>\n<link rel=\"canonical\" href=\"https:\/\/www.istituto-bellieni.it\/sc\/sos-servitzios-nostros\/isportellos-linguisticos\/\" \/>\n<meta property=\"og:locale\" content=\"en_US\" \/>\n<meta property=\"og:type\" content=\"article\" \/>\n<meta property=\"og:title\" content=\"Isportellos Lingu\u00ecsticos - Istituto Camillo Bellieni Sassari\" \/>\n<meta property=\"og:description\" content=\"#Limbas #Logos Isportellos Lingu\u00ecsticos Sos isportellos lingu\u00ecsticos, pro m\u00e8diu de sos operadorespr\u00f2pios, contiv\u00ecgiant sas tradutziones dae s&#8217;italianu a su sardu [&hellip;]\" \/>\n<meta property=\"og:url\" content=\"https:\/\/www.istituto-bellieni.it\/sc\/sos-servitzios-nostros\/isportellos-linguisticos\/\" \/>\n<meta property=\"og:site_name\" content=\"Istituto Camillo Bellieni Sassari\" \/>\n<meta property=\"article:publisher\" content=\"https:\/\/www.facebook.com\/IstitutoBellieni\" \/>\n<meta property=\"article:modified_time\" content=\"2022-05-29T14:08:49+00:00\" \/>\n<meta property=\"og:image\" content=\"https:\/\/www.istituto-bellieni.it\/wp-content\/uploads\/2019\/11\/course_image11.jpg\" \/>\n<meta name=\"twitter:card\" content=\"summary_large_image\" \/>\n<meta name=\"twitter:label1\" content=\"Est. reading time\" \/>\n\t<meta name=\"twitter:data1\" content=\"7 minutes\" \/>\n<script type=\"application\/ld+json\" class=\"yoast-schema-graph\">{\"@context\":\"https:\\\/\\\/schema.org\",\"@graph\":[{\"@type\":\"WebPage\",\"@id\":\"https:\\\/\\\/www.istituto-bellieni.it\\\/sc\\\/sos-servitzios-nostros\\\/isportellos-linguisticos\\\/\",\"url\":\"https:\\\/\\\/www.istituto-bellieni.it\\\/sc\\\/sos-servitzios-nostros\\\/isportellos-linguisticos\\\/\",\"name\":\"Isportellos Lingu\u00ecsticos - Istituto Camillo Bellieni Sassari\",\"isPartOf\":{\"@id\":\"https:\\\/\\\/www.istituto-bellieni.it\\\/#website\"},\"primaryImageOfPage\":{\"@id\":\"https:\\\/\\\/www.istituto-bellieni.it\\\/sc\\\/sos-servitzios-nostros\\\/isportellos-linguisticos\\\/#primaryimage\"},\"image\":{\"@id\":\"https:\\\/\\\/www.istituto-bellieni.it\\\/sc\\\/sos-servitzios-nostros\\\/isportellos-linguisticos\\\/#primaryimage\"},\"thumbnailUrl\":\"https:\\\/\\\/www.istituto-bellieni.it\\\/wp-content\\\/uploads\\\/2019\\\/11\\\/course_image11.jpg\",\"datePublished\":\"2022-02-13T21:06:41+00:00\",\"dateModified\":\"2022-05-29T14:08:49+00:00\",\"breadcrumb\":{\"@id\":\"https:\\\/\\\/www.istituto-bellieni.it\\\/sc\\\/sos-servitzios-nostros\\\/isportellos-linguisticos\\\/#breadcrumb\"},\"inLanguage\":\"sc-SC\",\"potentialAction\":[{\"@type\":\"ReadAction\",\"target\":[\"https:\\\/\\\/www.istituto-bellieni.it\\\/sc\\\/sos-servitzios-nostros\\\/isportellos-linguisticos\\\/\"]}]},{\"@type\":\"ImageObject\",\"inLanguage\":\"sc-SC\",\"@id\":\"https:\\\/\\\/www.istituto-bellieni.it\\\/sc\\\/sos-servitzios-nostros\\\/isportellos-linguisticos\\\/#primaryimage\",\"url\":\"https:\\\/\\\/www.istituto-bellieni.it\\\/wp-content\\\/uploads\\\/2019\\\/11\\\/course_image11.jpg\",\"contentUrl\":\"https:\\\/\\\/www.istituto-bellieni.it\\\/wp-content\\\/uploads\\\/2019\\\/11\\\/course_image11.jpg\"},{\"@type\":\"BreadcrumbList\",\"@id\":\"https:\\\/\\\/www.istituto-bellieni.it\\\/sc\\\/sos-servitzios-nostros\\\/isportellos-linguisticos\\\/#breadcrumb\",\"itemListElement\":[{\"@type\":\"ListItem\",\"position\":1,\"name\":\"Home\",\"item\":\"https:\\\/\\\/www.istituto-bellieni.it\\\/sc\\\/\"},{\"@type\":\"ListItem\",\"position\":2,\"name\":\"Sos serv\u00ectzios nostros\",\"item\":\"https:\\\/\\\/www.istituto-bellieni.it\\\/sc\\\/sos-servitzios-nostros\\\/\"},{\"@type\":\"ListItem\",\"position\":3,\"name\":\"Isportellos Lingu\u00ecsticos\"}]},{\"@type\":\"WebSite\",\"@id\":\"https:\\\/\\\/www.istituto-bellieni.it\\\/#website\",\"url\":\"https:\\\/\\\/www.istituto-bellieni.it\\\/\",\"name\":\"Istituto Camillo Bellieni Sassari\",\"description\":\"Il sito web dell&#039;Istituto di studi e ricerche Camillo Bellieni di Sassari\",\"publisher\":{\"@id\":\"https:\\\/\\\/www.istituto-bellieni.it\\\/#organization\"},\"potentialAction\":[{\"@type\":\"SearchAction\",\"target\":{\"@type\":\"EntryPoint\",\"urlTemplate\":\"https:\\\/\\\/www.istituto-bellieni.it\\\/?s={search_term_string}\"},\"query-input\":{\"@type\":\"PropertyValueSpecification\",\"valueRequired\":true,\"valueName\":\"search_term_string\"}}],\"inLanguage\":\"sc-SC\"},{\"@type\":\"Organization\",\"@id\":\"https:\\\/\\\/www.istituto-bellieni.it\\\/#organization\",\"name\":\"Istituto di Studi e Ricerce Camillo Bellieni Sassari\",\"url\":\"https:\\\/\\\/www.istituto-bellieni.it\\\/\",\"logo\":{\"@type\":\"ImageObject\",\"inLanguage\":\"sc-SC\",\"@id\":\"https:\\\/\\\/www.istituto-bellieni.it\\\/#\\\/schema\\\/logo\\\/image\\\/\",\"url\":\"https:\\\/\\\/www.istituto-bellieni.it\\\/wp-content\\\/uploads\\\/2022\\\/02\\\/logo-vect.svg\",\"contentUrl\":\"https:\\\/\\\/www.istituto-bellieni.it\\\/wp-content\\\/uploads\\\/2022\\\/02\\\/logo-vect.svg\",\"width\":305.021,\"height\":176.34,\"caption\":\"Istituto di Studi e Ricerce Camillo Bellieni Sassari\"},\"image\":{\"@id\":\"https:\\\/\\\/www.istituto-bellieni.it\\\/#\\\/schema\\\/logo\\\/image\\\/\"},\"sameAs\":[\"https:\\\/\\\/www.facebook.com\\\/IstitutoBellieni\"]}]}<\/script>\n<!-- \/ Yoast SEO plugin. -->","yoast_head_json":{"title":"Isportellos Lingu\u00ecsticos - Istituto Camillo Bellieni Sassari","robots":{"index":"index","follow":"follow","max-snippet":"max-snippet:-1","max-image-preview":"max-image-preview:large","max-video-preview":"max-video-preview:-1"},"canonical":"https:\/\/www.istituto-bellieni.it\/sc\/sos-servitzios-nostros\/isportellos-linguisticos\/","og_locale":"en_US","og_type":"article","og_title":"Isportellos Lingu\u00ecsticos - Istituto Camillo Bellieni Sassari","og_description":"#Limbas #Logos Isportellos Lingu\u00ecsticos Sos isportellos lingu\u00ecsticos, pro m\u00e8diu de sos operadorespr\u00f2pios, contiv\u00ecgiant sas tradutziones dae s&#8217;italianu a su sardu [&hellip;]","og_url":"https:\/\/www.istituto-bellieni.it\/sc\/sos-servitzios-nostros\/isportellos-linguisticos\/","og_site_name":"Istituto Camillo Bellieni Sassari","article_publisher":"https:\/\/www.facebook.com\/IstitutoBellieni","article_modified_time":"2022-05-29T14:08:49+00:00","og_image":[{"url":"https:\/\/www.istituto-bellieni.it\/wp-content\/uploads\/2019\/11\/course_image11.jpg","type":"","width":"","height":""}],"twitter_card":"summary_large_image","twitter_misc":{"Est. reading time":"7 minutes"},"schema":{"@context":"https:\/\/schema.org","@graph":[{"@type":"WebPage","@id":"https:\/\/www.istituto-bellieni.it\/sc\/sos-servitzios-nostros\/isportellos-linguisticos\/","url":"https:\/\/www.istituto-bellieni.it\/sc\/sos-servitzios-nostros\/isportellos-linguisticos\/","name":"Isportellos Lingu\u00ecsticos - Istituto Camillo Bellieni Sassari","isPartOf":{"@id":"https:\/\/www.istituto-bellieni.it\/#website"},"primaryImageOfPage":{"@id":"https:\/\/www.istituto-bellieni.it\/sc\/sos-servitzios-nostros\/isportellos-linguisticos\/#primaryimage"},"image":{"@id":"https:\/\/www.istituto-bellieni.it\/sc\/sos-servitzios-nostros\/isportellos-linguisticos\/#primaryimage"},"thumbnailUrl":"https:\/\/www.istituto-bellieni.it\/wp-content\/uploads\/2019\/11\/course_image11.jpg","datePublished":"2022-02-13T21:06:41+00:00","dateModified":"2022-05-29T14:08:49+00:00","breadcrumb":{"@id":"https:\/\/www.istituto-bellieni.it\/sc\/sos-servitzios-nostros\/isportellos-linguisticos\/#breadcrumb"},"inLanguage":"sc-SC","potentialAction":[{"@type":"ReadAction","target":["https:\/\/www.istituto-bellieni.it\/sc\/sos-servitzios-nostros\/isportellos-linguisticos\/"]}]},{"@type":"ImageObject","inLanguage":"sc-SC","@id":"https:\/\/www.istituto-bellieni.it\/sc\/sos-servitzios-nostros\/isportellos-linguisticos\/#primaryimage","url":"https:\/\/www.istituto-bellieni.it\/wp-content\/uploads\/2019\/11\/course_image11.jpg","contentUrl":"https:\/\/www.istituto-bellieni.it\/wp-content\/uploads\/2019\/11\/course_image11.jpg"},{"@type":"BreadcrumbList","@id":"https:\/\/www.istituto-bellieni.it\/sc\/sos-servitzios-nostros\/isportellos-linguisticos\/#breadcrumb","itemListElement":[{"@type":"ListItem","position":1,"name":"Home","item":"https:\/\/www.istituto-bellieni.it\/sc\/"},{"@type":"ListItem","position":2,"name":"Sos serv\u00ectzios nostros","item":"https:\/\/www.istituto-bellieni.it\/sc\/sos-servitzios-nostros\/"},{"@type":"ListItem","position":3,"name":"Isportellos Lingu\u00ecsticos"}]},{"@type":"WebSite","@id":"https:\/\/www.istituto-bellieni.it\/#website","url":"https:\/\/www.istituto-bellieni.it\/","name":"Istituto Camillo Bellieni Sassari","description":"Il sito web dell&#039;Istituto di studi e ricerche Camillo Bellieni di Sassari","publisher":{"@id":"https:\/\/www.istituto-bellieni.it\/#organization"},"potentialAction":[{"@type":"SearchAction","target":{"@type":"EntryPoint","urlTemplate":"https:\/\/www.istituto-bellieni.it\/?s={search_term_string}"},"query-input":{"@type":"PropertyValueSpecification","valueRequired":true,"valueName":"search_term_string"}}],"inLanguage":"sc-SC"},{"@type":"Organization","@id":"https:\/\/www.istituto-bellieni.it\/#organization","name":"Istituto di Studi e Ricerce Camillo Bellieni Sassari","url":"https:\/\/www.istituto-bellieni.it\/","logo":{"@type":"ImageObject","inLanguage":"sc-SC","@id":"https:\/\/www.istituto-bellieni.it\/#\/schema\/logo\/image\/","url":"https:\/\/www.istituto-bellieni.it\/wp-content\/uploads\/2022\/02\/logo-vect.svg","contentUrl":"https:\/\/www.istituto-bellieni.it\/wp-content\/uploads\/2022\/02\/logo-vect.svg","width":305.021,"height":176.34,"caption":"Istituto di Studi e Ricerce Camillo Bellieni Sassari"},"image":{"@id":"https:\/\/www.istituto-bellieni.it\/#\/schema\/logo\/image\/"},"sameAs":["https:\/\/www.facebook.com\/IstitutoBellieni"]}]}},"_links":{"self":[{"href":"https:\/\/www.istituto-bellieni.it\/sc\/wp-json\/wp\/v2\/pages\/26505","targetHints":{"allow":["GET"]}}],"collection":[{"href":"https:\/\/www.istituto-bellieni.it\/sc\/wp-json\/wp\/v2\/pages"}],"about":[{"href":"https:\/\/www.istituto-bellieni.it\/sc\/wp-json\/wp\/v2\/types\/page"}],"author":[{"embeddable":true,"href":"https:\/\/www.istituto-bellieni.it\/sc\/wp-json\/wp\/v2\/users\/1"}],"replies":[{"embeddable":true,"href":"https:\/\/www.istituto-bellieni.it\/sc\/wp-json\/wp\/v2\/comments?post=26505"}],"version-history":[{"count":10,"href":"https:\/\/www.istituto-bellieni.it\/sc\/wp-json\/wp\/v2\/pages\/26505\/revisions"}],"predecessor-version":[{"id":27273,"href":"https:\/\/www.istituto-bellieni.it\/sc\/wp-json\/wp\/v2\/pages\/26505\/revisions\/27273"}],"up":[{"embeddable":true,"href":"https:\/\/www.istituto-bellieni.it\/sc\/wp-json\/wp\/v2\/pages\/26483"}],"wp:attachment":[{"href":"https:\/\/www.istituto-bellieni.it\/sc\/wp-json\/wp\/v2\/media?parent=26505"}],"curies":[{"name":"wp","href":"https:\/\/api.w.org\/{rel}","templated":true}]}}